{"id":840,"date":"2013-03-01T21:15:16","date_gmt":"2013-03-01T19:15:16","guid":{"rendered":"http:\/\/christin-deuker.de\/?page_id=840"},"modified":"2021-09-15T18:00:04","modified_gmt":"2021-09-15T16:00:04","slug":"show-galerie","status":"publish","type":"page","link":"https:\/\/christin-deuker.de\/?page_id=840","title":{"rendered":"Show Galerie"},"content":{"rendered":"<!-- wp:themify-builder\/canvas \/--><!--themify_builder_static--><h2 style=\"text-align: center;\">Portraits<\/h2>\n<div id='gallery-1' class='gallery galleryid-840 gallery-columns-9 gallery-size-thumbnail'><figure class='gallery-item'>\n\t\t\t<div class='gallery-icon landscape'>\n\t\t\t\t<a href='https:\/\/christin-deuker.de\/?attachment_id=2023'><img loading=\"lazy\" decoding=\"async\" width=\"150\" height=\"150\" src=\"https:\/\/christin-deuker.de\/wp-content\/uploads\/2019\/08\/Christin-1-Original-klein-1-150x150.png\" class=\"attachment-thumbnail size-thumbnail\" alt=\"\" srcset=\"https:\/\/christin-deuker.de\/wp-content\/uploads\/2019\/08\/Christin-1-Original-klein-1-150x150.png 150w, https:\/\/christin-deuker.de\/wp-content\/uploads\/2019\/08\/Christin-1-Original-klein-1-1024x682-1x1.png 1w, https:\/\/christin-deuker.de\/wp-content\/uploads\/2019\/08\/Christin-1-Original-klein-1-1024x682-2x1.png 2w, https:\/\/christin-deuker.de\/wp-content\/uploads\/2019\/08\/Christin-1-Original-klein-1-1024x682-30x30.png 30w, https:\/\/christin-deuker.de\/wp-content\/uploads\/2019\/08\/Christin-1-Original-klein-1-1024x682-31x30.png 31w, https:\/\/christin-deuker.de\/wp-content\/uploads\/2019\/08\/Christin-1-Original-klein-1-1024x682-40x40.png 40w, https:\/\/christin-deuker.de\/wp-content\/uploads\/2019\/08\/Christin-1-Original-klein-1-1024x682-200x200.png 200w\" sizes=\"auto, (max-width: 150px) 100vw, 150px\" \/><\/a>\n\t\t\t<\/div><\/figure><figure class='gallery-item'>\n\t\t\t<div class='gallery-icon portrait'>\n\t\t\t\t<a href='https:\/\/christin-deuker.de\/?attachment_id=2030'><img loading=\"lazy\" decoding=\"async\" width=\"150\" height=\"150\" src=\"https:\/\/christin-deuker.de\/wp-content\/uploads\/2019\/08\/Christin-11-klein-150x150.png\" class=\"attachment-thumbnail size-thumbnail\" alt=\"\" srcset=\"https:\/\/christin-deuker.de\/wp-content\/uploads\/2019\/08\/Christin-11-klein-150x150.png 150w, https:\/\/christin-deuker.de\/wp-content\/uploads\/2019\/08\/Christin-11-klein-682x1024-1x1.png 1w, https:\/\/christin-deuker.de\/wp-content\/uploads\/2019\/08\/Christin-11-klein-682x1024-2x3.png 2w, https:\/\/christin-deuker.de\/wp-content\/uploads\/2019\/08\/Christin-11-klein-682x1024-3x4.png 3w, https:\/\/christin-deuker.de\/wp-content\/uploads\/2019\/08\/Christin-11-klein-682x1024-30x30.png 30w, https:\/\/christin-deuker.de\/wp-content\/uploads\/2019\/08\/Christin-11-klein-682x1024-31x30.png 31w, https:\/\/christin-deuker.de\/wp-content\/uploads\/2019\/08\/Christin-11-klein-682x1024-40x40.png 40w, https:\/\/christin-deuker.de\/wp-content\/uploads\/2019\/08\/Christin-11-klein-682x1024-200x200.png 200w\" sizes=\"auto, (max-width: 150px) 100vw, 150px\" \/><\/a>\n\t\t\t<\/div><\/figure><figure class='gallery-item'>\n\t\t\t<div class='gallery-icon portrait'>\n\t\t\t\t<a href='https:\/\/christin-deuker.de\/?attachment_id=2040'><img loading=\"lazy\" decoding=\"async\" width=\"150\" height=\"150\" src=\"https:\/\/christin-deuker.de\/wp-content\/uploads\/2019\/08\/Christin-10-klein-150x150.png\" class=\"attachment-thumbnail size-thumbnail\" alt=\"\" srcset=\"https:\/\/christin-deuker.de\/wp-content\/uploads\/2019\/08\/Christin-10-klein-150x150.png 150w, https:\/\/christin-deuker.de\/wp-content\/uploads\/2019\/08\/Christin-10-klein-682x1024-1x1.png 1w, https:\/\/christin-deuker.de\/wp-content\/uploads\/2019\/08\/Christin-10-klein-682x1024-2x3.png 2w, https:\/\/christin-deuker.de\/wp-content\/uploads\/2019\/08\/Christin-10-klein-682x1024-3x4.png 3w, https:\/\/christin-deuker.de\/wp-content\/uploads\/2019\/08\/Christin-10-klein-682x1024-30x30.png 30w, https:\/\/christin-deuker.de\/wp-content\/uploads\/2019\/08\/Christin-10-klein-682x1024-31x30.png 31w, https:\/\/christin-deuker.de\/wp-content\/uploads\/2019\/08\/Christin-10-klein-682x1024-40x40.png 40w, https:\/\/christin-deuker.de\/wp-content\/uploads\/2019\/08\/Christin-10-klein-682x1024-200x200.png 200w\" sizes=\"auto, (max-width: 150px) 100vw, 150px\" \/><\/a>\n\t\t\t<\/div><\/figure><figure class='gallery-item'>\n\t\t\t<div class='gallery-icon portrait'>\n\t\t\t\t<a href='https:\/\/christin-deuker.de\/?attachment_id=2033'><img loading=\"lazy\" decoding=\"async\" width=\"150\" height=\"150\" src=\"https:\/\/christin-deuker.de\/wp-content\/uploads\/2019\/08\/Christin-15-klein-bySteffi-150x150.png\" class=\"attachment-thumbnail size-thumbnail\" alt=\"\" srcset=\"https:\/\/christin-deuker.de\/wp-content\/uploads\/2019\/08\/Christin-15-klein-bySteffi-150x150.png 150w, https:\/\/christin-deuker.de\/wp-content\/uploads\/2019\/08\/Christin-15-klein-bySteffi-723x1024-1x1.png 1w, https:\/\/christin-deuker.de\/wp-content\/uploads\/2019\/08\/Christin-15-klein-bySteffi-723x1024-2x2.png 2w, https:\/\/christin-deuker.de\/wp-content\/uploads\/2019\/08\/Christin-15-klein-bySteffi-723x1024-3x4.png 3w, https:\/\/christin-deuker.de\/wp-content\/uploads\/2019\/08\/Christin-15-klein-bySteffi-723x1024-4x5.png 4w, https:\/\/christin-deuker.de\/wp-content\/uploads\/2019\/08\/Christin-15-klein-bySteffi-723x1024-30x30.png 30w, https:\/\/christin-deuker.de\/wp-content\/uploads\/2019\/08\/Christin-15-klein-bySteffi-723x1024-31x30.png 31w, https:\/\/christin-deuker.de\/wp-content\/uploads\/2019\/08\/Christin-15-klein-bySteffi-723x1024-40x40.png 40w, https:\/\/christin-deuker.de\/wp-content\/uploads\/2019\/08\/Christin-15-klein-bySteffi-723x1024-200x200.png 200w\" sizes=\"auto, (max-width: 150px) 100vw, 150px\" \/><\/a>\n\t\t\t<\/div><\/figure><figure class='gallery-item'>\n\t\t\t<div class='gallery-icon portrait'>\n\t\t\t\t<a href='https:\/\/christin-deuker.de\/?attachment_id=2024'><img loading=\"lazy\" decoding=\"async\" width=\"150\" height=\"150\" src=\"https:\/\/christin-deuker.de\/wp-content\/uploads\/2019\/08\/Christin-2-WEB-3-150x150.jpg\" class=\"attachment-thumbnail size-thumbnail\" alt=\"\" srcset=\"https:\/\/christin-deuker.de\/wp-content\/uploads\/2019\/08\/Christin-2-WEB-3-150x150.jpg 150w, https:\/\/christin-deuker.de\/wp-content\/uploads\/2019\/08\/Christin-2-WEB-3-683x1024-1x1.jpg 1w, https:\/\/christin-deuker.de\/wp-content\/uploads\/2019\/08\/Christin-2-WEB-3-683x1024-2x3.jpg 2w, https:\/\/christin-deuker.de\/wp-content\/uploads\/2019\/08\/Christin-2-WEB-3-683x1024-3x4.jpg 3w, https:\/\/christin-deuker.de\/wp-content\/uploads\/2019\/08\/Christin-2-WEB-3-683x1024-30x30.jpg 30w, https:\/\/christin-deuker.de\/wp-content\/uploads\/2019\/08\/Christin-2-WEB-3-683x1024-31x30.jpg 31w, https:\/\/christin-deuker.de\/wp-content\/uploads\/2019\/08\/Christin-2-WEB-3-683x1024-40x40.jpg 40w, https:\/\/christin-deuker.de\/wp-content\/uploads\/2019\/08\/Christin-2-WEB-3-683x1024-200x200.jpg 200w\" sizes=\"auto, (max-width: 150px) 100vw, 150px\" \/><\/a>\n\t\t\t<\/div><\/figure><figure class='gallery-item'>\n\t\t\t<div class='gallery-icon portrait'>\n\t\t\t\t<a href='https:\/\/christin-deuker.de\/?attachment_id=2032'><img loading=\"lazy\" decoding=\"async\" width=\"150\" height=\"150\" src=\"https:\/\/christin-deuker.de\/wp-content\/uploads\/2019\/08\/Christin-13-klein-150x150.png\" class=\"attachment-thumbnail size-thumbnail\" alt=\"\" srcset=\"https:\/\/christin-deuker.de\/wp-content\/uploads\/2019\/08\/Christin-13-klein-150x150.png 150w, https:\/\/christin-deuker.de\/wp-content\/uploads\/2019\/08\/Christin-13-klein-682x1024-1x1.png 1w, https:\/\/christin-deuker.de\/wp-content\/uploads\/2019\/08\/Christin-13-klein-682x1024-2x3.png 2w, https:\/\/christin-deuker.de\/wp-content\/uploads\/2019\/08\/Christin-13-klein-682x1024-3x4.png 3w, https:\/\/christin-deuker.de\/wp-content\/uploads\/2019\/08\/Christin-13-klein-682x1024-30x30.png 30w, https:\/\/christin-deuker.de\/wp-content\/uploads\/2019\/08\/Christin-13-klein-682x1024-31x30.png 31w, https:\/\/christin-deuker.de\/wp-content\/uploads\/2019\/08\/Christin-13-klein-682x1024-40x40.png 40w, https:\/\/christin-deuker.de\/wp-content\/uploads\/2019\/08\/Christin-13-klein-682x1024-200x200.png 200w\" sizes=\"auto, (max-width: 150px) 100vw, 150px\" \/><\/a>\n\t\t\t<\/div><\/figure><figure class='gallery-item'>\n\t\t\t<div class='gallery-icon portrait'>\n\t\t\t\t<a href='https:\/\/christin-deuker.de\/?attachment_id=2028'><img loading=\"lazy\" decoding=\"async\" width=\"150\" height=\"150\" src=\"https:\/\/christin-deuker.de\/wp-content\/uploads\/2019\/08\/Christin-7-klein-1-150x150.png\" class=\"attachment-thumbnail size-thumbnail\" alt=\"\" srcset=\"https:\/\/christin-deuker.de\/wp-content\/uploads\/2019\/08\/Christin-7-klein-1-150x150.png 150w, https:\/\/christin-deuker.de\/wp-content\/uploads\/2019\/08\/Christin-7-klein-1-683x1024-1x1.png 1w, https:\/\/christin-deuker.de\/wp-content\/uploads\/2019\/08\/Christin-7-klein-1-683x1024-2x3.png 2w, https:\/\/christin-deuker.de\/wp-content\/uploads\/2019\/08\/Christin-7-klein-1-683x1024-30x30.png 30w, https:\/\/christin-deuker.de\/wp-content\/uploads\/2019\/08\/Christin-7-klein-1-683x1024-31x30.png 31w, https:\/\/christin-deuker.de\/wp-content\/uploads\/2019\/08\/Christin-7-klein-1-683x1024-40x40.png 40w, https:\/\/christin-deuker.de\/wp-content\/uploads\/2019\/08\/Christin-7-klein-1-683x1024-200x200.png 200w\" sizes=\"auto, (max-width: 150px) 100vw, 150px\" \/><\/a>\n\t\t\t<\/div><\/figure><figure class='gallery-item'>\n\t\t\t<div class='gallery-icon portrait'>\n\t\t\t\t<a href='https:\/\/christin-deuker.de\/?attachment_id=2027'><img loading=\"lazy\" decoding=\"async\" width=\"150\" height=\"150\" src=\"https:\/\/christin-deuker.de\/wp-content\/uploads\/2019\/08\/Christin-6-klein-150x150.png\" class=\"attachment-thumbnail size-thumbnail\" alt=\"\" srcset=\"https:\/\/christin-deuker.de\/wp-content\/uploads\/2019\/08\/Christin-6-klein-150x150.png 150w, https:\/\/christin-deuker.de\/wp-content\/uploads\/2019\/08\/Christin-6-klein-682x1024-1x1.png 1w, https:\/\/christin-deuker.de\/wp-content\/uploads\/2019\/08\/Christin-6-klein-682x1024-2x3.png 2w, https:\/\/christin-deuker.de\/wp-content\/uploads\/2019\/08\/Christin-6-klein-682x1024-30x30.png 30w, https:\/\/christin-deuker.de\/wp-content\/uploads\/2019\/08\/Christin-6-klein-682x1024-31x30.png 31w, https:\/\/christin-deuker.de\/wp-content\/uploads\/2019\/08\/Christin-6-klein-682x1024-40x40.png 40w, https:\/\/christin-deuker.de\/wp-content\/uploads\/2019\/08\/Christin-6-klein-682x1024-200x200.png 200w\" sizes=\"auto, (max-width: 150px) 100vw, 150px\" \/><\/a>\n\t\t\t<\/div><\/figure><figure class='gallery-item'>\n\t\t\t<div class='gallery-icon portrait'>\n\t\t\t\t<a href='https:\/\/christin-deuker.de\/?attachment_id=2026'><img loading=\"lazy\" decoding=\"async\" width=\"150\" height=\"150\" src=\"https:\/\/christin-deuker.de\/wp-content\/uploads\/2019\/08\/Christin-5-WEB-150x150.jpg\" class=\"attachment-thumbnail size-thumbnail\" alt=\"\" srcset=\"https:\/\/christin-deuker.de\/wp-content\/uploads\/2019\/08\/Christin-5-WEB-150x150.jpg 150w, https:\/\/christin-deuker.de\/wp-content\/uploads\/2019\/08\/Christin-5-WEB-683x1024-1x1.jpg 1w, https:\/\/christin-deuker.de\/wp-content\/uploads\/2019\/08\/Christin-5-WEB-683x1024-2x3.jpg 2w, https:\/\/christin-deuker.de\/wp-content\/uploads\/2019\/08\/Christin-5-WEB-683x1024-3x4.jpg 3w, https:\/\/christin-deuker.de\/wp-content\/uploads\/2019\/08\/Christin-5-WEB-683x1024-30x30.jpg 30w, https:\/\/christin-deuker.de\/wp-content\/uploads\/2019\/08\/Christin-5-WEB-683x1024-31x30.jpg 31w, https:\/\/christin-deuker.de\/wp-content\/uploads\/2019\/08\/Christin-5-WEB-683x1024-40x40.jpg 40w, https:\/\/christin-deuker.de\/wp-content\/uploads\/2019\/08\/Christin-5-WEB-683x1024-200x200.jpg 200w\" sizes=\"auto, (max-width: 150px) 100vw, 150px\" \/><\/a>\n\t\t\t<\/div><\/figure><figure class='gallery-item'>\n\t\t\t<div class='gallery-icon portrait'>\n\t\t\t\t<a href='https:\/\/christin-deuker.de\/?attachment_id=2029'><img loading=\"lazy\" decoding=\"async\" width=\"150\" height=\"150\" src=\"https:\/\/christin-deuker.de\/wp-content\/uploads\/2019\/08\/Christin-8-klein-150x150.png\" class=\"attachment-thumbnail size-thumbnail\" alt=\"\" srcset=\"https:\/\/christin-deuker.de\/wp-content\/uploads\/2019\/08\/Christin-8-klein-150x150.png 150w, https:\/\/christin-deuker.de\/wp-content\/uploads\/2019\/08\/Christin-8-klein-682x1024-1x1.png 1w, https:\/\/christin-deuker.de\/wp-content\/uploads\/2019\/08\/Christin-8-klein-682x1024-2x3.png 2w, https:\/\/christin-deuker.de\/wp-content\/uploads\/2019\/08\/Christin-8-klein-682x1024-30x30.png 30w, https:\/\/christin-deuker.de\/wp-content\/uploads\/2019\/08\/Christin-8-klein-682x1024-31x30.png 31w, https:\/\/christin-deuker.de\/wp-content\/uploads\/2019\/08\/Christin-8-klein-682x1024-40x40.png 40w, https:\/\/christin-deuker.de\/wp-content\/uploads\/2019\/08\/Christin-8-klein-682x1024-200x200.png 200w\" sizes=\"auto, (max-width: 150px) 100vw, 150px\" \/><\/a>\n\t\t\t<\/div><\/figure><figure class='gallery-item'>\n\t\t\t<div class='gallery-icon portrait'>\n\t\t\t\t<a href='https:\/\/christin-deuker.de\/?attachment_id=2031'><img loading=\"lazy\" decoding=\"async\" width=\"150\" height=\"150\" src=\"https:\/\/christin-deuker.de\/wp-content\/uploads\/2019\/08\/Christin-12-klein-1-150x150.png\" class=\"attachment-thumbnail size-thumbnail\" alt=\"\" srcset=\"https:\/\/christin-deuker.de\/wp-content\/uploads\/2019\/08\/Christin-12-klein-1-150x150.png 150w, https:\/\/christin-deuker.de\/wp-content\/uploads\/2019\/08\/Christin-12-klein-1-682x1024-1x1.png 1w, https:\/\/christin-deuker.de\/wp-content\/uploads\/2019\/08\/Christin-12-klein-1-682x1024-2x3.png 2w, https:\/\/christin-deuker.de\/wp-content\/uploads\/2019\/08\/Christin-12-klein-1-682x1024-30x30.png 30w, https:\/\/christin-deuker.de\/wp-content\/uploads\/2019\/08\/Christin-12-klein-1-682x1024-31x30.png 31w, https:\/\/christin-deuker.de\/wp-content\/uploads\/2019\/08\/Christin-12-klein-1-682x1024-40x40.png 40w, https:\/\/christin-deuker.de\/wp-content\/uploads\/2019\/08\/Christin-12-klein-1-682x1024-200x200.png 200w\" sizes=\"auto, (max-width: 150px) 100vw, 150px\" \/><\/a>\n\t\t\t<\/div><\/figure>\n\t\t<\/div>\n\n<p><strong>Fotoshooting 2019<\/strong><br \/>H &amp; M: Elif Kurban<br \/>Fotos: Miriam Allermann<br \/>Emotion in Frames Photographie<\/p>\n<div id='gallery-2' class='gallery galleryid-840 gallery-columns-4 gallery-size-thumbnail'><figure class='gallery-item'>\n\t\t\t<div class='gallery-icon landscape'>\n\t\t\t\t<a href='https:\/\/christin-deuker.de\/?attachment_id=1390'><img loading=\"lazy\" decoding=\"async\" width=\"150\" height=\"150\" src=\"https:\/\/christin-deuker.de\/wp-content\/uploads\/2013\/03\/BG3A6566_0156web-150x150.jpg\" class=\"attachment-thumbnail size-thumbnail\" alt=\"\" srcset=\"https:\/\/christin-deuker.de\/wp-content\/uploads\/2013\/03\/BG3A6566_0156web-150x150.jpg 150w, https:\/\/christin-deuker.de\/wp-content\/uploads\/2013\/03\/BG3A6566_0156web-1024x682-1x1.jpg 1w, https:\/\/christin-deuker.de\/wp-content\/uploads\/2013\/03\/BG3A6566_0156web-1024x682-40x40.jpg 40w, https:\/\/christin-deuker.de\/wp-content\/uploads\/2013\/03\/BG3A6566_0156web-1024x682-200x200.jpg 200w, https:\/\/christin-deuker.de\/wp-content\/uploads\/2013\/03\/BG3A6566_0156web-1024x682-100x100.jpg 100w\" sizes=\"auto, (max-width: 150px) 100vw, 150px\" \/><\/a>\n\t\t\t<\/div><\/figure><figure class='gallery-item'>\n\t\t\t<div class='gallery-icon portrait'>\n\t\t\t\t<a href='https:\/\/christin-deuker.de\/?attachment_id=1366'><img loading=\"lazy\" decoding=\"async\" width=\"150\" height=\"150\" src=\"https:\/\/christin-deuker.de\/wp-content\/uploads\/2013\/03\/BG3A6464_0060web-150x150.jpg\" class=\"attachment-thumbnail size-thumbnail\" alt=\"\" srcset=\"https:\/\/christin-deuker.de\/wp-content\/uploads\/2013\/03\/BG3A6464_0060web-150x150.jpg 150w, https:\/\/christin-deuker.de\/wp-content\/uploads\/2013\/03\/BG3A6464_0060web-682x1024-1x1.jpg 1w, https:\/\/christin-deuker.de\/wp-content\/uploads\/2013\/03\/BG3A6464_0060web-682x1024-40x40.jpg 40w, https:\/\/christin-deuker.de\/wp-content\/uploads\/2013\/03\/BG3A6464_0060web-682x1024-200x200.jpg 200w\" sizes=\"auto, (max-width: 150px) 100vw, 150px\" \/><\/a>\n\t\t\t<\/div><\/figure><figure class='gallery-item'>\n\t\t\t<div class='gallery-icon portrait'>\n\t\t\t\t<a href='https:\/\/christin-deuker.de\/?attachment_id=1367'><img loading=\"lazy\" decoding=\"async\" width=\"150\" height=\"150\" src=\"https:\/\/christin-deuker.de\/wp-content\/uploads\/2013\/03\/BG3A6491_0087webjpg-150x150.jpg\" class=\"attachment-thumbnail size-thumbnail\" alt=\"\" srcset=\"https:\/\/christin-deuker.de\/wp-content\/uploads\/2013\/03\/BG3A6491_0087webjpg-150x150.jpg 150w, https:\/\/christin-deuker.de\/wp-content\/uploads\/2013\/03\/BG3A6491_0087webjpg-682x1024-1x1.jpg 1w, https:\/\/christin-deuker.de\/wp-content\/uploads\/2013\/03\/BG3A6491_0087webjpg-682x1024-40x40.jpg 40w, https:\/\/christin-deuker.de\/wp-content\/uploads\/2013\/03\/BG3A6491_0087webjpg-682x1024-200x200.jpg 200w\" sizes=\"auto, (max-width: 150px) 100vw, 150px\" \/><\/a>\n\t\t\t<\/div><\/figure><figure class='gallery-item'>\n\t\t\t<div class='gallery-icon portrait'>\n\t\t\t\t<a href='https:\/\/christin-deuker.de\/?attachment_id=1368'><img loading=\"lazy\" decoding=\"async\" width=\"100\" height=\"150\" src=\"https:\/\/christin-deuker.de\/wp-content\/uploads\/2013\/03\/BG3A6448_0046web-e1428096341668.jpg\" class=\"attachment-thumbnail size-thumbnail\" alt=\"\" srcset=\"https:\/\/christin-deuker.de\/wp-content\/uploads\/2013\/03\/BG3A6448_0046web-e1428096341668.jpg 367w, https:\/\/christin-deuker.de\/wp-content\/uploads\/2013\/03\/BG3A6448_0046web-e1428096341668-1x1.jpg 1w, https:\/\/christin-deuker.de\/wp-content\/uploads\/2013\/03\/BG3A6448_0046web-e1428096341668-40x59.jpg 40w, https:\/\/christin-deuker.de\/wp-content\/uploads\/2013\/03\/BG3A6448_0046web-e1428096341668-200x299.jpg 200w, https:\/\/christin-deuker.de\/wp-content\/uploads\/2013\/03\/BG3A6448_0046web-e1428096341668-133x200.jpg 133w\" sizes=\"auto, (max-width: 100px) 100vw, 100px\" \/><\/a>\n\t\t\t<\/div><\/figure><figure class='gallery-item'>\n\t\t\t<div class='gallery-icon portrait'>\n\t\t\t\t<a href='https:\/\/christin-deuker.de\/?attachment_id=1213'><img loading=\"lazy\" decoding=\"async\" width=\"150\" height=\"150\" src=\"https:\/\/christin-deuker.de\/wp-content\/uploads\/2013\/03\/Christin_0190web-150x150.jpg\" class=\"attachment-thumbnail size-thumbnail\" alt=\"\" srcset=\"https:\/\/christin-deuker.de\/wp-content\/uploads\/2013\/03\/Christin_0190web-150x150.jpg 150w, https:\/\/christin-deuker.de\/wp-content\/uploads\/2013\/03\/Christin_0190web-e1369926171375-1x1.jpg 1w, https:\/\/christin-deuker.de\/wp-content\/uploads\/2013\/03\/Christin_0190web-e1369926171375-40x40.jpg 40w, https:\/\/christin-deuker.de\/wp-content\/uploads\/2013\/03\/Christin_0190web-e1369926171375-200x200.jpg 200w\" sizes=\"auto, (max-width: 150px) 100vw, 150px\" \/><\/a>\n\t\t\t<\/div><\/figure><figure class='gallery-item'>\n\t\t\t<div class='gallery-icon portrait'>\n\t\t\t\t<a href='https:\/\/christin-deuker.de\/?attachment_id=1395'><img loading=\"lazy\" decoding=\"async\" width=\"150\" height=\"150\" src=\"https:\/\/christin-deuker.de\/wp-content\/uploads\/2013\/03\/BG3A6511_0105web-150x150.jpg\" class=\"attachment-thumbnail size-thumbnail\" alt=\"\" srcset=\"https:\/\/christin-deuker.de\/wp-content\/uploads\/2013\/03\/BG3A6511_0105web-150x150.jpg 150w, https:\/\/christin-deuker.de\/wp-content\/uploads\/2013\/03\/BG3A6511_0105web-682x1024-1x1.jpg 1w, https:\/\/christin-deuker.de\/wp-content\/uploads\/2013\/03\/BG3A6511_0105web-682x1024-40x40.jpg 40w, https:\/\/christin-deuker.de\/wp-content\/uploads\/2013\/03\/BG3A6511_0105web-682x1024-200x200.jpg 200w\" sizes=\"auto, (max-width: 150px) 100vw, 150px\" \/><\/a>\n\t\t\t<\/div><\/figure><figure class='gallery-item'>\n\t\t\t<div class='gallery-icon portrait'>\n\t\t\t\t<a href='https:\/\/christin-deuker.de\/?attachment_id=1365'><img loading=\"lazy\" decoding=\"async\" width=\"150\" height=\"150\" src=\"https:\/\/christin-deuker.de\/wp-content\/uploads\/2013\/03\/BG3A6596_0185-150x150.jpg\" class=\"attachment-thumbnail size-thumbnail\" alt=\"\" srcset=\"https:\/\/christin-deuker.de\/wp-content\/uploads\/2013\/03\/BG3A6596_0185-150x150.jpg 150w, https:\/\/christin-deuker.de\/wp-content\/uploads\/2013\/03\/BG3A6596_0185-682x1024-1x1.jpg 1w, https:\/\/christin-deuker.de\/wp-content\/uploads\/2013\/03\/BG3A6596_0185-682x1024-40x40.jpg 40w, https:\/\/christin-deuker.de\/wp-content\/uploads\/2013\/03\/BG3A6596_0185-682x1024-200x200.jpg 200w\" sizes=\"auto, (max-width: 150px) 100vw, 150px\" \/><\/a>\n\t\t\t<\/div><\/figure><figure class='gallery-item'>\n\t\t\t<div class='gallery-icon landscape'>\n\t\t\t\t<a href='https:\/\/christin-deuker.de\/?attachment_id=1373'><img loading=\"lazy\" decoding=\"async\" width=\"150\" height=\"150\" src=\"https:\/\/christin-deuker.de\/wp-content\/uploads\/2013\/03\/Christin_0211-150x150.jpg\" class=\"attachment-thumbnail size-thumbnail\" alt=\"\" srcset=\"https:\/\/christin-deuker.de\/wp-content\/uploads\/2013\/03\/Christin_0211-150x150.jpg 150w, https:\/\/christin-deuker.de\/wp-content\/uploads\/2013\/03\/Christin_0211-1024x682-1x1.jpg 1w, https:\/\/christin-deuker.de\/wp-content\/uploads\/2013\/03\/Christin_0211-1024x682-40x40.jpg 40w, https:\/\/christin-deuker.de\/wp-content\/uploads\/2013\/03\/Christin_0211-1024x682-200x200.jpg 200w\" sizes=\"auto, (max-width: 150px) 100vw, 150px\" \/><\/a>\n\t\t\t<\/div><\/figure><figure class='gallery-item'>\n\t\t\t<div class='gallery-icon portrait'>\n\t\t\t\t<a href='https:\/\/christin-deuker.de\/?attachment_id=1369'><img loading=\"lazy\" decoding=\"async\" width=\"150\" height=\"150\" src=\"https:\/\/christin-deuker.de\/wp-content\/uploads\/2013\/03\/BG3A6527_0121web-150x150.jpg\" class=\"attachment-thumbnail size-thumbnail\" alt=\"\" srcset=\"https:\/\/christin-deuker.de\/wp-content\/uploads\/2013\/03\/BG3A6527_0121web-150x150.jpg 150w, https:\/\/christin-deuker.de\/wp-content\/uploads\/2013\/03\/BG3A6527_0121web-682x1024-1x1.jpg 1w, https:\/\/christin-deuker.de\/wp-content\/uploads\/2013\/03\/BG3A6527_0121web-682x1024-40x40.jpg 40w, https:\/\/christin-deuker.de\/wp-content\/uploads\/2013\/03\/BG3A6527_0121web-682x1024-200x200.jpg 200w\" sizes=\"auto, (max-width: 150px) 100vw, 150px\" \/><\/a>\n\t\t\t<\/div><\/figure><figure class='gallery-item'>\n\t\t\t<div class='gallery-icon portrait'>\n\t\t\t\t<a href='https:\/\/christin-deuker.de\/?attachment_id=2057'><img loading=\"lazy\" decoding=\"async\" width=\"150\" height=\"150\" src=\"https:\/\/christin-deuker.de\/wp-content\/uploads\/2019\/08\/Christin_0168-1-150x150.jpg\" class=\"attachment-thumbnail size-thumbnail\" alt=\"\" srcset=\"https:\/\/christin-deuker.de\/wp-content\/uploads\/2019\/08\/Christin_0168-1-150x150.jpg 150w, https:\/\/christin-deuker.de\/wp-content\/uploads\/2019\/08\/Christin_0168-1-683x1024-1x1.jpg 1w, https:\/\/christin-deuker.de\/wp-content\/uploads\/2019\/08\/Christin_0168-1-683x1024-40x40.jpg 40w, https:\/\/christin-deuker.de\/wp-content\/uploads\/2019\/08\/Christin_0168-1-683x1024-200x200.jpg 200w\" sizes=\"auto, (max-width: 150px) 100vw, 150px\" \/><\/a>\n\t\t\t<\/div><\/figure><figure class='gallery-item'>\n\t\t\t<div class='gallery-icon portrait'>\n\t\t\t\t<a href='https:\/\/christin-deuker.de\/?attachment_id=2058'><img loading=\"lazy\" decoding=\"async\" width=\"150\" height=\"150\" src=\"https:\/\/christin-deuker.de\/wp-content\/uploads\/2019\/08\/Christin_0228-150x150.jpg\" class=\"attachment-thumbnail size-thumbnail\" alt=\"\" srcset=\"https:\/\/christin-deuker.de\/wp-content\/uploads\/2019\/08\/Christin_0228-150x150.jpg 150w, https:\/\/christin-deuker.de\/wp-content\/uploads\/2019\/08\/Christin_0228-683x1024-1x1.jpg 1w, https:\/\/christin-deuker.de\/wp-content\/uploads\/2019\/08\/Christin_0228-683x1024-40x40.jpg 40w, https:\/\/christin-deuker.de\/wp-content\/uploads\/2019\/08\/Christin_0228-683x1024-200x200.jpg 200w\" sizes=\"auto, (max-width: 150px) 100vw, 150px\" \/><\/a>\n\t\t\t<\/div><\/figure><figure class='gallery-item'>\n\t\t\t<div class='gallery-icon portrait'>\n\t\t\t\t<a href='https:\/\/christin-deuker.de\/?attachment_id=1222'><img loading=\"lazy\" decoding=\"async\" width=\"150\" height=\"150\" src=\"https:\/\/christin-deuker.de\/wp-content\/uploads\/2013\/05\/Christin_0137web-150x150.jpg\" class=\"attachment-thumbnail size-thumbnail\" alt=\"\" srcset=\"https:\/\/christin-deuker.de\/wp-content\/uploads\/2013\/05\/Christin_0137web-150x150.jpg 150w, https:\/\/christin-deuker.de\/wp-content\/uploads\/2013\/05\/Christin_0137web-1x1.jpg 1w, https:\/\/christin-deuker.de\/wp-content\/uploads\/2013\/05\/Christin_0137web-40x40.jpg 40w, https:\/\/christin-deuker.de\/wp-content\/uploads\/2013\/05\/Christin_0137web-200x200.jpg 200w\" sizes=\"auto, (max-width: 150px) 100vw, 150px\" \/><\/a>\n\t\t\t<\/div><\/figure><figure class='gallery-item'>\n\t\t\t<div class='gallery-icon landscape'>\n\t\t\t\t<a href='https:\/\/christin-deuker.de\/?attachment_id=1221'><img loading=\"lazy\" decoding=\"async\" width=\"150\" height=\"150\" src=\"https:\/\/christin-deuker.de\/wp-content\/uploads\/2013\/05\/Christin_0159web-150x150.jpg\" class=\"attachment-thumbnail size-thumbnail\" alt=\"\" srcset=\"https:\/\/christin-deuker.de\/wp-content\/uploads\/2013\/05\/Christin_0159web-150x150.jpg 150w, https:\/\/christin-deuker.de\/wp-content\/uploads\/2013\/05\/Christin_0159web-e1428178529773-1x1.jpg 1w, https:\/\/christin-deuker.de\/wp-content\/uploads\/2013\/05\/Christin_0159web-e1428178529773-40x40.jpg 40w, https:\/\/christin-deuker.de\/wp-content\/uploads\/2013\/05\/Christin_0159web-e1428178529773-200x200.jpg 200w\" sizes=\"auto, (max-width: 150px) 100vw, 150px\" \/><\/a>\n\t\t\t<\/div><\/figure><figure class='gallery-item'>\n\t\t\t<div class='gallery-icon landscape'>\n\t\t\t\t<a href='https:\/\/christin-deuker.de\/?attachment_id=1223'><img loading=\"lazy\" decoding=\"async\" width=\"150\" height=\"150\" src=\"https:\/\/christin-deuker.de\/wp-content\/uploads\/2013\/05\/Christin_0178web-150x150.jpg\" class=\"attachment-thumbnail size-thumbnail\" alt=\"\" srcset=\"https:\/\/christin-deuker.de\/wp-content\/uploads\/2013\/05\/Christin_0178web-150x150.jpg 150w, https:\/\/christin-deuker.de\/wp-content\/uploads\/2013\/05\/Christin_0178web-1x1.jpg 1w, https:\/\/christin-deuker.de\/wp-content\/uploads\/2013\/05\/Christin_0178web-40x40.jpg 40w, https:\/\/christin-deuker.de\/wp-content\/uploads\/2013\/05\/Christin_0178web-200x200.jpg 200w\" sizes=\"auto, (max-width: 150px) 100vw, 150px\" \/><\/a>\n\t\t\t<\/div><\/figure>\n\t\t<\/div>\n\n<p><strong>Fotoshooting 2015<\/strong><br \/>H &amp; M: Elif Kurban<br \/>Fotos: Miriam Allermann<br \/>Emotion in Frames Photographie<\/p>\n<h1 style=\"text-align: center;\">Engagements<\/h1>\n<div id='gallery-3' class='gallery galleryid-840 gallery-columns-1 gallery-size-thumbnail'><figure class='gallery-item'>\n\t\t\t<div class='gallery-icon landscape'>\n\t\t\t\t<img loading=\"lazy\" decoding=\"async\" width=\"150\" height=\"150\" src=\"https:\/\/christin-deuker.de\/wp-content\/uploads\/2021\/09\/DieFrankSchoebelStory_FotoRobertJentzsch-18-4154-150x150.jpg\" class=\"attachment-thumbnail size-thumbnail\" alt=\"\" aria-describedby=\"gallery-3-2370\" \/>\n\t\t\t<\/div>\n\t\t\t\t<figcaption class='wp-caption-text gallery-caption' id='gallery-3-2370'>\n\t\t\t\tFoto: Robert Jentzsch | www.rjphoto.de\n\t\t\t\t<\/figcaption><\/figure><figure class='gallery-item'>\n\t\t\t<div class='gallery-icon landscape'>\n\t\t\t\t<img loading=\"lazy\" decoding=\"async\" width=\"150\" height=\"150\" src=\"https:\/\/christin-deuker.de\/wp-content\/uploads\/2021\/09\/DieFrankSchoebelStory_FotoRobertJentzsch-15-4092-150x150.jpg\" class=\"attachment-thumbnail size-thumbnail\" alt=\"\" aria-describedby=\"gallery-3-2367\" \/>\n\t\t\t<\/div>\n\t\t\t\t<figcaption class='wp-caption-text gallery-caption' id='gallery-3-2367'>\n\t\t\t\tFoto: Robert Jentzsch | www.rjphoto.de\n\t\t\t\t<\/figcaption><\/figure><figure class='gallery-item'>\n\t\t\t<div class='gallery-icon landscape'>\n\t\t\t\t<img loading=\"lazy\" decoding=\"async\" width=\"150\" height=\"150\" src=\"https:\/\/christin-deuker.de\/wp-content\/uploads\/2021\/09\/DieFrankSchoebelStory_FotoRobertJentzsch-12-4006-150x150.jpg\" class=\"attachment-thumbnail size-thumbnail\" alt=\"\" aria-describedby=\"gallery-3-2369\" \/>\n\t\t\t<\/div>\n\t\t\t\t<figcaption class='wp-caption-text gallery-caption' id='gallery-3-2369'>\n\t\t\t\tFoto: Robert Jentzsch | www.rjphoto.de\n\t\t\t\t<\/figcaption><\/figure><figure class='gallery-item'>\n\t\t\t<div class='gallery-icon landscape'>\n\t\t\t\t<img loading=\"lazy\" decoding=\"async\" width=\"150\" height=\"150\" src=\"https:\/\/christin-deuker.de\/wp-content\/uploads\/2021\/09\/DieFrankSchoebelStory_FotoRobertJentzsch-22-4251-150x150.jpg\" class=\"attachment-thumbnail size-thumbnail\" alt=\"\" aria-describedby=\"gallery-3-2368\" \/>\n\t\t\t<\/div>\n\t\t\t\t<figcaption class='wp-caption-text gallery-caption' id='gallery-3-2368'>\n\t\t\t\tFoto: Robert Jentzsch | www.rjphoto.de\n\t\t\t\t<\/figcaption><\/figure><figure class='gallery-item'>\n\t\t\t<div class='gallery-icon landscape'>\n\t\t\t\t<img loading=\"lazy\" decoding=\"async\" width=\"150\" height=\"150\" src=\"https:\/\/christin-deuker.de\/wp-content\/uploads\/2021\/09\/DieFrankSchoebelStory_FotoRobertJentzsch-24-4317-150x150.jpg\" class=\"attachment-thumbnail size-thumbnail\" alt=\"\" aria-describedby=\"gallery-3-2363\" \/>\n\t\t\t<\/div>\n\t\t\t\t<figcaption class='wp-caption-text gallery-caption' id='gallery-3-2363'>\n\t\t\t\tFoto: Robert Jentzsch | www.rjphoto.de\n\t\t\t\t<\/figcaption><\/figure><figure class='gallery-item'>\n\t\t\t<div class='gallery-icon landscape'>\n\t\t\t\t<img loading=\"lazy\" decoding=\"async\" width=\"150\" height=\"150\" src=\"https:\/\/christin-deuker.de\/wp-content\/uploads\/2021\/09\/DieFrankSchoebelStory_FotoRobertJentzsch-25-4326-150x150.jpg\" class=\"attachment-thumbnail size-thumbnail\" alt=\"\" aria-describedby=\"gallery-3-2364\" \/>\n\t\t\t<\/div>\n\t\t\t\t<figcaption class='wp-caption-text gallery-caption' id='gallery-3-2364'>\n\t\t\t\tFoto: Robert Jentzsch | www.rjphoto.de\n\t\t\t\t<\/figcaption><\/figure><figure class='gallery-item'>\n\t\t\t<div class='gallery-icon landscape'>\n\t\t\t\t<img loading=\"lazy\" decoding=\"async\" width=\"150\" height=\"150\" src=\"https:\/\/christin-deuker.de\/wp-content\/uploads\/2021\/09\/DieFrankSchoebelStory_FotoRobertJentzsch-28-4469-150x150.jpg\" class=\"attachment-thumbnail size-thumbnail\" alt=\"\" aria-describedby=\"gallery-3-2361\" srcset=\"https:\/\/christin-deuker.de\/wp-content\/uploads\/2021\/09\/DieFrankSchoebelStory_FotoRobertJentzsch-28-4469-150x150.jpg 150w, https:\/\/christin-deuker.de\/wp-content\/uploads\/2021\/09\/DieFrankSchoebelStory_FotoRobertJentzsch-28-4469-1024x683-100x100.jpg 100w\" sizes=\"auto, (max-width: 150px) 100vw, 150px\" \/>\n\t\t\t<\/div>\n\t\t\t\t<figcaption class='wp-caption-text gallery-caption' id='gallery-3-2361'>\n\t\t\t\tFoto: Robert Jentzsch | www.rjphoto.de\n\t\t\t\t<\/figcaption><\/figure><figure class='gallery-item'>\n\t\t\t<div class='gallery-icon landscape'>\n\t\t\t\t<img loading=\"lazy\" decoding=\"async\" width=\"150\" height=\"150\" src=\"https:\/\/christin-deuker.de\/wp-content\/uploads\/2021\/09\/DieFrankSchoebelStory_FotoRobertJentzsch-27-4440-150x150.jpg\" class=\"attachment-thumbnail size-thumbnail\" alt=\"\" aria-describedby=\"gallery-3-2366\" \/>\n\t\t\t<\/div>\n\t\t\t\t<figcaption class='wp-caption-text gallery-caption' id='gallery-3-2366'>\n\t\t\t\tFoto: Robert Jentzsch | www.rjphoto.de\n\t\t\t\t<\/figcaption><\/figure><figure class='gallery-item'>\n\t\t\t<div class='gallery-icon landscape'>\n\t\t\t\t<img loading=\"lazy\" decoding=\"async\" width=\"150\" height=\"150\" src=\"https:\/\/christin-deuker.de\/wp-content\/uploads\/2021\/09\/DieFrankSchoebelStory_FotoRobertJentzsch-34-4589-150x150.jpg\" class=\"attachment-thumbnail size-thumbnail\" alt=\"\" aria-describedby=\"gallery-3-2362\" \/>\n\t\t\t<\/div>\n\t\t\t\t<figcaption class='wp-caption-text gallery-caption' id='gallery-3-2362'>\n\t\t\t\tFoto: Robert Jentzsch | www.rjphoto.de\n\t\t\t\t<\/figcaption><\/figure><figure class='gallery-item'>\n\t\t\t<div class='gallery-icon landscape'>\n\t\t\t\t<img loading=\"lazy\" decoding=\"async\" width=\"150\" height=\"150\" src=\"https:\/\/christin-deuker.de\/wp-content\/uploads\/2021\/09\/DieFrankSchoebelStory_FotoRobertJentzsch-38-4748-150x150.jpg\" class=\"attachment-thumbnail size-thumbnail\" alt=\"\" aria-describedby=\"gallery-3-2360\" \/>\n\t\t\t<\/div>\n\t\t\t\t<figcaption class='wp-caption-text gallery-caption' id='gallery-3-2360'>\n\t\t\t\tFoto: Robert Jentzsch | www.rjphoto.de\n\t\t\t\t<\/figcaption><\/figure><figure class='gallery-item'>\n\t\t\t<div class='gallery-icon landscape'>\n\t\t\t\t<img loading=\"lazy\" decoding=\"async\" width=\"150\" height=\"150\" src=\"https:\/\/christin-deuker.de\/wp-content\/uploads\/2021\/09\/DieFrankSchoebelStory_FotoRobertJentzsch-37-4717-150x150.jpg\" class=\"attachment-thumbnail size-thumbnail\" alt=\"\" aria-describedby=\"gallery-3-2365\" \/>\n\t\t\t<\/div>\n\t\t\t\t<figcaption class='wp-caption-text gallery-caption' id='gallery-3-2365'>\n\t\t\t\tFoto: Robert Jentzsch | www.rjphoto.de\n\t\t\t\t<\/figcaption><\/figure><figure class='gallery-item'>\n\t\t\t<div class='gallery-icon landscape'>\n\t\t\t\t<img loading=\"lazy\" decoding=\"async\" width=\"150\" height=\"150\" src=\"https:\/\/christin-deuker.de\/wp-content\/uploads\/2021\/09\/DieFrankSchoebelStory_FotoRobertJentzsch-40-5129-150x150.jpg\" class=\"attachment-thumbnail size-thumbnail\" alt=\"\" aria-describedby=\"gallery-3-2358\" \/>\n\t\t\t<\/div>\n\t\t\t\t<figcaption class='wp-caption-text gallery-caption' id='gallery-3-2358'>\n\t\t\t\tFoto: Robert Jentzsch | www.rjphoto.de\n\t\t\t\t<\/figcaption><\/figure>\n\t\t<\/div>\n\n<p><strong>Die Frank Sch\u00f6bel Story<\/strong><br \/>Boulevardtheater Dresden<br \/>Fotos:\u00a0Robert Jentzsch\u00a0<\/p>\n<div id='gallery-4' class='gallery galleryid-840 gallery-columns-1 gallery-size-thumbnail'><figure class='gallery-item'>\n\t\t\t<div class='gallery-icon landscape'>\n\t\t\t\t<img loading=\"lazy\" decoding=\"async\" width=\"150\" height=\"150\" src=\"https:\/\/christin-deuker.de\/wp-content\/uploads\/2018\/07\/P4241011-150x150.jpg\" class=\"attachment-thumbnail size-thumbnail\" alt=\"\" \/>\n\t\t\t<\/div><\/figure><figure class='gallery-item'>\n\t\t\t<div class='gallery-icon portrait'>\n\t\t\t\t<img loading=\"lazy\" decoding=\"async\" width=\"150\" height=\"150\" src=\"https:\/\/christin-deuker.de\/wp-content\/uploads\/2018\/07\/P4240389-e1531910077407-150x150.jpg\" class=\"attachment-thumbnail size-thumbnail\" alt=\"\" srcset=\"https:\/\/christin-deuker.de\/wp-content\/uploads\/2018\/07\/P4240389-e1531910077407-150x150.jpg 150w, https:\/\/christin-deuker.de\/wp-content\/uploads\/2018\/07\/P4240389-e1531910077407-576x1024-100x100.jpg 100w\" sizes=\"auto, (max-width: 150px) 100vw, 150px\" \/>\n\t\t\t<\/div><\/figure><figure class='gallery-item'>\n\t\t\t<div class='gallery-icon landscape'>\n\t\t\t\t<img loading=\"lazy\" decoding=\"async\" width=\"150\" height=\"150\" src=\"https:\/\/christin-deuker.de\/wp-content\/uploads\/2018\/07\/P4240699-150x150.jpg\" class=\"attachment-thumbnail size-thumbnail\" alt=\"\" \/>\n\t\t\t<\/div><\/figure><figure class='gallery-item'>\n\t\t\t<div class='gallery-icon landscape'>\n\t\t\t\t<img loading=\"lazy\" decoding=\"async\" width=\"150\" height=\"150\" src=\"https:\/\/christin-deuker.de\/wp-content\/uploads\/2018\/07\/P4240626-150x150.jpg\" class=\"attachment-thumbnail size-thumbnail\" alt=\"\" \/>\n\t\t\t<\/div><\/figure><figure class='gallery-item'>\n\t\t\t<div class='gallery-icon landscape'>\n\t\t\t\t<img loading=\"lazy\" decoding=\"async\" width=\"150\" height=\"150\" src=\"https:\/\/christin-deuker.de\/wp-content\/uploads\/2019\/08\/P4241222-150x150.jpg\" class=\"attachment-thumbnail size-thumbnail\" alt=\"\" \/>\n\t\t\t<\/div><\/figure>\n\t\t<\/div>\n\n<p><strong>Hallo Dolly<\/strong><br \/>Ohnsorg Theater Hamburg<br \/>Fotos: Peter Schippke<\/p>\n<div id='gallery-5' class='gallery galleryid-840 gallery-columns-1 gallery-size-thumbnail'><figure class='gallery-item'>\n\t\t\t<div class='gallery-icon landscape'>\n\t\t\t\t<img loading=\"lazy\" decoding=\"async\" width=\"150\" height=\"150\" src=\"https:\/\/christin-deuker.de\/wp-content\/uploads\/2013\/03\/Charleys_Tante_Comoedie_Fuerth_26-150x150.jpg\" class=\"attachment-thumbnail size-thumbnail\" alt=\"\" \/>\n\t\t\t<\/div><\/figure><figure class='gallery-item'>\n\t\t\t<div class='gallery-icon portrait'>\n\t\t\t\t<img loading=\"lazy\" decoding=\"async\" width=\"150\" height=\"150\" src=\"https:\/\/christin-deuker.de\/wp-content\/uploads\/2013\/03\/Charleys_Tante_Comoedie_Fuerth_445-150x150.jpg\" class=\"attachment-thumbnail size-thumbnail\" alt=\"\" \/>\n\t\t\t<\/div><\/figure><figure class='gallery-item'>\n\t\t\t<div class='gallery-icon landscape'>\n\t\t\t\t<img loading=\"lazy\" decoding=\"async\" width=\"150\" height=\"150\" src=\"https:\/\/christin-deuker.de\/wp-content\/uploads\/2019\/08\/Charleys_Tante_Comoedie_Fuerth_441.a76ef047d8d24c03823acdf41c4ee7c8-150x150.jpg\" class=\"attachment-thumbnail size-thumbnail\" alt=\"\" \/>\n\t\t\t<\/div><\/figure>\n\t\t<\/div>\n\n<p><strong>Charleys Tante<\/strong><br \/>Com\u00f6die F\u00fcrth<br \/>Fotos: J\u00fcrgen Friedrich<\/p>\n<div id='gallery-6' class='gallery galleryid-840 gallery-columns-1 gallery-size-thumbnail'><figure class='gallery-item'>\n\t\t\t<div class='gallery-icon landscape'>\n\t\t\t\t<img loading=\"lazy\" decoding=\"async\" width=\"150\" height=\"150\" src=\"https:\/\/christin-deuker.de\/wp-content\/uploads\/2013\/03\/08-03.03.16-GERA-6-150x150.jpg\" class=\"attachment-thumbnail size-thumbnail\" alt=\"\" \/>\n\t\t\t<\/div><\/figure>\n\t\t<\/div>\n\n<p><strong>Schlagerlegenden<\/strong><br \/>Deutschland Tournee<br \/>Fotos: Stefan Schuchardt<\/p>\n<div id='gallery-7' class='gallery galleryid-840 gallery-columns-1 gallery-size-thumbnail'><figure class='gallery-item'>\n\t\t\t<div class='gallery-icon landscape'>\n\t\t\t\t<img loading=\"lazy\" decoding=\"async\" width=\"150\" height=\"150\" src=\"https:\/\/christin-deuker.de\/wp-content\/uploads\/2017\/01\/11_oth__op_duvels_sc_cb2269-1-150x150.jpg\" class=\"attachment-thumbnail size-thumbnail\" alt=\"\" \/>\n\t\t\t<\/div><\/figure><figure class='gallery-item'>\n\t\t\t<div class='gallery-icon portrait'>\n\t\t\t\t<img loading=\"lazy\" decoding=\"async\" width=\"150\" height=\"150\" src=\"https:\/\/christin-deuker.de\/wp-content\/uploads\/2017\/01\/9_oth__op_duvels_sch_cb2274-150x150.jpg\" class=\"attachment-thumbnail size-thumbnail\" alt=\"\" srcset=\"https:\/\/christin-deuker.de\/wp-content\/uploads\/2017\/01\/9_oth__op_duvels_sch_cb2274-150x150.jpg 150w, https:\/\/christin-deuker.de\/wp-content\/uploads\/2017\/01\/9_oth__op_duvels_sch_cb2274-682x1024-100x100.jpg 100w\" sizes=\"auto, (max-width: 150px) 100vw, 150px\" \/>\n\t\t\t<\/div><\/figure><figure class='gallery-item'>\n\t\t\t<div class='gallery-icon portrait'>\n\t\t\t\t<img loading=\"lazy\" decoding=\"async\" width=\"150\" height=\"150\" src=\"https:\/\/christin-deuker.de\/wp-content\/uploads\/2017\/01\/5_oth_op_duvels_schu_cb2270-2-150x150.jpg\" class=\"attachment-thumbnail size-thumbnail\" alt=\"\" srcset=\"https:\/\/christin-deuker.de\/wp-content\/uploads\/2017\/01\/5_oth_op_duvels_schu_cb2270-2-150x150.jpg 150w, https:\/\/christin-deuker.de\/wp-content\/uploads\/2017\/01\/5_oth_op_duvels_schu_cb2270-2-739x1024-100x100.jpg 100w\" sizes=\"auto, (max-width: 150px) 100vw, 150px\" \/>\n\t\t\t<\/div><\/figure>\n\t\t<\/div>\n\n<p><strong>Op D\u00fcvels Schuuvkoor\/<br \/>Verteufelte Zeiten<\/strong><br \/>Ohnsorg Theater Hamburg<br \/>Fotos: Maike Kollenrott<\/p>\n<div id='gallery-8' class='gallery galleryid-840 gallery-columns-1 gallery-size-thumbnail'><figure class='gallery-item'>\n\t\t\t<div class='gallery-icon landscape'>\n\t\t\t\t<img loading=\"lazy\" decoding=\"async\" width=\"150\" height=\"150\" src=\"https:\/\/christin-deuker.de\/wp-content\/uploads\/2019\/08\/Comoedie_Der_wahre_Jakob_281-150x150.jpg\" class=\"attachment-thumbnail size-thumbnail\" alt=\"\" \/>\n\t\t\t<\/div><\/figure><figure class='gallery-item'>\n\t\t\t<div class='gallery-icon landscape'>\n\t\t\t\t<img loading=\"lazy\" decoding=\"async\" width=\"150\" height=\"150\" src=\"https:\/\/christin-deuker.de\/wp-content\/uploads\/2019\/08\/Der_wahre_Jakob_Gruppenbild-150x150.jpg\" class=\"attachment-thumbnail size-thumbnail\" alt=\"\" \/>\n\t\t\t<\/div><\/figure><figure class='gallery-item'>\n\t\t\t<div class='gallery-icon landscape'>\n\t\t\t\t<img loading=\"lazy\" decoding=\"async\" width=\"150\" height=\"150\" src=\"https:\/\/christin-deuker.de\/wp-content\/uploads\/2019\/08\/Comoedie_Der_wahre_Jakob_56-150x150.jpg\" class=\"attachment-thumbnail size-thumbnail\" alt=\"\" \/>\n\t\t\t<\/div><\/figure><figure class='gallery-item'>\n\t\t\t<div class='gallery-icon landscape'>\n\t\t\t\t<img loading=\"lazy\" decoding=\"async\" width=\"150\" height=\"150\" src=\"https:\/\/christin-deuker.de\/wp-content\/uploads\/2019\/08\/Comoedie_Der_wahre_Jakob_194-150x150.jpg\" class=\"attachment-thumbnail size-thumbnail\" alt=\"\" \/>\n\t\t\t<\/div><\/figure><figure class='gallery-item'>\n\t\t\t<div class='gallery-icon portrait'>\n\t\t\t\t<img loading=\"lazy\" decoding=\"async\" width=\"150\" height=\"150\" src=\"https:\/\/christin-deuker.de\/wp-content\/uploads\/2019\/08\/Comoedie_Der_wahre_Jakob_309-150x150.jpg\" class=\"attachment-thumbnail size-thumbnail\" alt=\"\" \/>\n\t\t\t<\/div><\/figure>\n\t\t<\/div>\n\n<p><strong>Der Wahre Jakob<\/strong><br \/>Com\u00f6die F\u00fcrth<br \/>Fotos: J\u00fcrgen Friedrich<\/p>\n<div id='gallery-9' class='gallery galleryid-840 gallery-columns-1 gallery-size-thumbnail'><figure class='gallery-item'>\n\t\t\t<div class='gallery-icon landscape'>\n\t\t\t\t<img loading=\"lazy\" decoding=\"async\" width=\"150\" height=\"150\" src=\"https:\/\/christin-deuker.de\/wp-content\/uploads\/2019\/08\/2K7A4060.a76ef047d8d24c03823acdf41c4ee7c8-150x150.jpg\" class=\"attachment-thumbnail size-thumbnail\" alt=\"\" \/>\n\t\t\t<\/div><\/figure>\n\t\t<\/div>\n\n<p><b>Alles auf Krankenschein<\/b><br \/>Schlossfestspiele Am\u00f6neburg<br \/>Fotos: Stephan Schuchardt<\/p>\n<div id='gallery-10' class='gallery galleryid-840 gallery-columns-1 gallery-size-thumbnail'><figure class='gallery-item'>\n\t\t\t<div class='gallery-icon landscape'>\n\t\t\t\t<img loading=\"lazy\" decoding=\"async\" width=\"150\" height=\"150\" src=\"https:\/\/christin-deuker.de\/wp-content\/uploads\/2013\/03\/datei2-150x150.jpg\" class=\"attachment-thumbnail size-thumbnail\" alt=\"\" \/>\n\t\t\t<\/div><\/figure>\n\t\t<\/div>\n\n<p><strong>Aladin und die Wunderlampe<\/strong><br \/>Ohnsorg Theater Hamburg<br \/>Fotos: Maike Kollenrott<\/p>\n<div id='gallery-11' class='gallery galleryid-840 gallery-columns-1 gallery-size-thumbnail'><figure class='gallery-item'>\n\t\t\t<div class='gallery-icon landscape'>\n\t\t\t\t<img loading=\"lazy\" decoding=\"async\" width=\"150\" height=\"150\" src=\"https:\/\/christin-deuker.de\/wp-content\/uploads\/2013\/03\/IMG_5226-150x150.jpg\" class=\"attachment-thumbnail size-thumbnail\" alt=\"\" \/>\n\t\t\t<\/div><\/figure><figure class='gallery-item'>\n\t\t\t<div class='gallery-icon portrait'>\n\t\t\t\t<img loading=\"lazy\" decoding=\"async\" width=\"150\" height=\"150\" src=\"https:\/\/christin-deuker.de\/wp-content\/uploads\/2013\/03\/Der_Meisterboxer_Rassau_Heissmann_11-150x150.jpg\" class=\"attachment-thumbnail size-thumbnail\" alt=\"\" \/>\n\t\t\t<\/div><\/figure><figure class='gallery-item'>\n\t\t\t<div class='gallery-icon landscape'>\n\t\t\t\t<img loading=\"lazy\" decoding=\"async\" width=\"150\" height=\"150\" src=\"https:\/\/christin-deuker.de\/wp-content\/uploads\/2013\/03\/IMG_5217-150x150.jpg\" class=\"attachment-thumbnail size-thumbnail\" alt=\"\" \/>\n\t\t\t<\/div><\/figure>\n\t\t<\/div>\n\n<p><strong>Der Meisterboxer<\/strong><br \/>Com\u00f6die F\u00fcrth<br \/>Fotos: J\u00fcrgen Friedrich<\/p>\n<div id='gallery-12' class='gallery galleryid-840 gallery-columns-1 gallery-size-thumbnail'><figure class='gallery-item'>\n\t\t\t<div class='gallery-icon landscape'>\n\t\t\t\t<img loading=\"lazy\" decoding=\"async\" width=\"150\" height=\"150\" src=\"https:\/\/christin-deuker.de\/wp-content\/uploads\/2013\/03\/IMG_0861-150x150.jpg\" class=\"attachment-thumbnail size-thumbnail\" alt=\"\" \/>\n\t\t\t<\/div><\/figure><figure class='gallery-item'>\n\t\t\t<div class='gallery-icon landscape'>\n\t\t\t\t<img loading=\"lazy\" decoding=\"async\" width=\"150\" height=\"150\" src=\"https:\/\/christin-deuker.de\/wp-content\/uploads\/2013\/03\/IMG_0749-150x150.jpg\" class=\"attachment-thumbnail size-thumbnail\" alt=\"\" \/>\n\t\t\t<\/div><\/figure><figure class='gallery-item'>\n\t\t\t<div class='gallery-icon portrait'>\n\t\t\t\t<img loading=\"lazy\" decoding=\"async\" width=\"150\" height=\"150\" src=\"https:\/\/christin-deuker.de\/wp-content\/uploads\/2013\/03\/Foto-2-150x150.jpg\" class=\"attachment-thumbnail size-thumbnail\" alt=\"\" \/>\n\t\t\t<\/div><\/figure><figure class='gallery-item'>\n\t\t\t<div class='gallery-icon portrait'>\n\t\t\t\t<img loading=\"lazy\" decoding=\"async\" width=\"150\" height=\"150\" src=\"https:\/\/christin-deuker.de\/wp-content\/uploads\/2013\/03\/IMG_0926-150x150.jpg\" class=\"attachment-thumbnail size-thumbnail\" alt=\"\" \/>\n\t\t\t<\/div><\/figure><figure class='gallery-item'>\n\t\t\t<div class='gallery-icon landscape'>\n\t\t\t\t<img loading=\"lazy\" decoding=\"async\" width=\"150\" height=\"150\" src=\"https:\/\/christin-deuker.de\/wp-content\/uploads\/2013\/03\/IMG_0957-150x150.jpg\" class=\"attachment-thumbnail size-thumbnail\" alt=\"\" srcset=\"https:\/\/christin-deuker.de\/wp-content\/uploads\/2013\/03\/IMG_0957-150x150.jpg 150w, https:\/\/christin-deuker.de\/wp-content\/uploads\/2013\/03\/IMG_0957-1024x682-100x100.jpg 100w\" sizes=\"auto, (max-width: 150px) 100vw, 150px\" \/>\n\t\t\t<\/div><\/figure>\n\t\t<\/div>\n\n<p><strong>My Fair Lady<\/strong><br \/>Schlossfestspiele Am\u00f6neburg<br \/>Fotos: Stephan Schuchardt\u00a0<\/p>\n<div id='gallery-13' class='gallery galleryid-840 gallery-columns-1 gallery-size-thumbnail'><figure class='gallery-item'>\n\t\t\t<div class='gallery-icon landscape'>\n\t\t\t\t<img loading=\"lazy\" decoding=\"async\" width=\"150\" height=\"150\" src=\"https:\/\/christin-deuker.de\/wp-content\/uploads\/2013\/03\/IMG_6478-Custom-150x150.jpg\" class=\"attachment-thumbnail size-thumbnail\" alt=\"\" srcset=\"https:\/\/christin-deuker.de\/wp-content\/uploads\/2013\/03\/IMG_6478-Custom-150x150.jpg 150w, https:\/\/christin-deuker.de\/wp-content\/uploads\/2013\/03\/IMG_6478-Custom-1024x682-100x100.jpg 100w\" sizes=\"auto, (max-width: 150px) 100vw, 150px\" \/>\n\t\t\t<\/div><\/figure><figure class='gallery-item'>\n\t\t\t<div class='gallery-icon landscape'>\n\t\t\t\t<img loading=\"lazy\" decoding=\"async\" width=\"150\" height=\"150\" src=\"https:\/\/christin-deuker.de\/wp-content\/uploads\/2013\/03\/IMG_6450-Custom-150x150.jpg\" class=\"attachment-thumbnail size-thumbnail\" alt=\"\" srcset=\"https:\/\/christin-deuker.de\/wp-content\/uploads\/2013\/03\/IMG_6450-Custom-150x150.jpg 150w, https:\/\/christin-deuker.de\/wp-content\/uploads\/2013\/03\/IMG_6450-Custom-1024x682-100x100.jpg 100w\" sizes=\"auto, (max-width: 150px) 100vw, 150px\" \/>\n\t\t\t<\/div><\/figure><figure class='gallery-item'>\n\t\t\t<div class='gallery-icon landscape'>\n\t\t\t\t<img loading=\"lazy\" decoding=\"async\" width=\"150\" height=\"150\" src=\"https:\/\/christin-deuker.de\/wp-content\/uploads\/2013\/03\/IMG_6464-Custom-150x150.jpg\" class=\"attachment-thumbnail size-thumbnail\" alt=\"\" \/>\n\t\t\t<\/div><\/figure><figure class='gallery-item'>\n\t\t\t<div class='gallery-icon landscape'>\n\t\t\t\t<img loading=\"lazy\" decoding=\"async\" width=\"150\" height=\"150\" src=\"https:\/\/christin-deuker.de\/wp-content\/uploads\/2013\/03\/IMG_6417-Custom-150x150.jpg\" class=\"attachment-thumbnail size-thumbnail\" alt=\"\" \/>\n\t\t\t<\/div><\/figure>\n\t\t<\/div>\n\n<p><strong>Der Hauptmann von K\u00f6penick<\/strong><br \/>Schlossfestspiele Am\u00f6neburg<br \/>Fotos: Stephan Schuchardt\u00a0<\/p>\n<div id='gallery-14' class='gallery galleryid-840 gallery-columns-1 gallery-size-thumbnail'><figure class='gallery-item'>\n\t\t\t<div class='gallery-icon landscape'>\n\t\t\t\t<img loading=\"lazy\" decoding=\"async\" width=\"150\" height=\"150\" src=\"https:\/\/christin-deuker.de\/wp-content\/uploads\/2019\/08\/Bildschirmfoto-2014-12-10-um-13.12.23-1-150x150.jpg\" class=\"attachment-thumbnail size-thumbnail\" alt=\"\" \/>\n\t\t\t<\/div><\/figure><figure class='gallery-item'>\n\t\t\t<div class='gallery-icon landscape'>\n\t\t\t\t<img loading=\"lazy\" decoding=\"async\" width=\"150\" height=\"150\" src=\"https:\/\/christin-deuker.de\/wp-content\/uploads\/2019\/08\/Bildschirmfoto-2014-12-10-um-10.26.35-150x150.jpg\" class=\"attachment-thumbnail size-thumbnail\" alt=\"\" \/>\n\t\t\t<\/div><\/figure>\n\t\t<\/div>\n\n<p><strong>Opa wird verkauft<\/strong><br \/>Ohnsorg Theater Hamburg Tournee<br \/>Fotos: Privat<\/p>\n<div id='gallery-15' class='gallery galleryid-840 gallery-columns-1 gallery-size-thumbnail'><figure class='gallery-item'>\n\t\t\t<div class='gallery-icon landscape'>\n\t\t\t\t<img loading=\"lazy\" decoding=\"async\" width=\"150\" height=\"150\" src=\"https:\/\/christin-deuker.de\/wp-content\/uploads\/2013\/03\/horrorladen_5-150x150.jpg\" class=\"attachment-thumbnail size-thumbnail\" alt=\"\" \/>\n\t\t\t<\/div><\/figure><figure class='gallery-item'>\n\t\t\t<div class='gallery-icon landscape'>\n\t\t\t\t<img loading=\"lazy\" decoding=\"async\" width=\"150\" height=\"150\" src=\"https:\/\/christin-deuker.de\/wp-content\/uploads\/2013\/03\/horrorladen_4-150x150.jpg\" class=\"attachment-thumbnail size-thumbnail\" alt=\"\" \/>\n\t\t\t<\/div><\/figure><figure class='gallery-item'>\n\t\t\t<div class='gallery-icon landscape'>\n\t\t\t\t<img loading=\"lazy\" decoding=\"async\" width=\"150\" height=\"150\" src=\"https:\/\/christin-deuker.de\/wp-content\/uploads\/2013\/03\/horrorladen_3-150x150.jpg\" class=\"attachment-thumbnail size-thumbnail\" alt=\"\" \/>\n\t\t\t<\/div><\/figure><figure class='gallery-item'>\n\t\t\t<div class='gallery-icon landscape'>\n\t\t\t\t<img loading=\"lazy\" decoding=\"async\" width=\"150\" height=\"150\" src=\"https:\/\/christin-deuker.de\/wp-content\/uploads\/2013\/03\/horrorladen_2-150x150.jpg\" class=\"attachment-thumbnail size-thumbnail\" alt=\"\" \/>\n\t\t\t<\/div><\/figure><figure class='gallery-item'>\n\t\t\t<div class='gallery-icon portrait'>\n\t\t\t\t<img loading=\"lazy\" decoding=\"async\" width=\"150\" height=\"150\" src=\"https:\/\/christin-deuker.de\/wp-content\/uploads\/2013\/03\/horrorladen_1-150x150.jpg\" class=\"attachment-thumbnail size-thumbnail\" alt=\"\" srcset=\"https:\/\/christin-deuker.de\/wp-content\/uploads\/2013\/03\/horrorladen_1-150x150.jpg 150w, https:\/\/christin-deuker.de\/wp-content\/uploads\/2013\/03\/horrorladen_1-100x100.jpg 100w\" sizes=\"auto, (max-width: 150px) 100vw, 150px\" \/>\n\t\t\t<\/div><\/figure>\n\t\t<\/div>\n\n<p><strong>De l\u00fctte Horrorladen\/<br \/>Der kleine Horrorladen<\/strong><br \/>Ohnsorg Theater Hamburg<br \/>Fotos: Peter Schippke<\/p>\n<div id='gallery-16' class='gallery galleryid-840 gallery-columns-1 gallery-size-thumbnail'><figure class='gallery-item'>\n\t\t\t<div class='gallery-icon portrait'>\n\t\t\t\t<img loading=\"lazy\" decoding=\"async\" width=\"150\" height=\"150\" src=\"https:\/\/christin-deuker.de\/wp-content\/uploads\/2013\/03\/12Punkte_51-150x150.jpg\" class=\"attachment-thumbnail size-thumbnail\" alt=\"\" \/>\n\t\t\t<\/div><\/figure><figure class='gallery-item'>\n\t\t\t<div class='gallery-icon portrait'>\n\t\t\t\t<img loading=\"lazy\" decoding=\"async\" width=\"150\" height=\"150\" src=\"https:\/\/christin-deuker.de\/wp-content\/uploads\/2013\/03\/12Punkte_41-150x150.jpg\" class=\"attachment-thumbnail size-thumbnail\" alt=\"\" \/>\n\t\t\t<\/div><\/figure><figure class='gallery-item'>\n\t\t\t<div class='gallery-icon portrait'>\n\t\t\t\t<img loading=\"lazy\" decoding=\"async\" width=\"150\" height=\"150\" src=\"https:\/\/christin-deuker.de\/wp-content\/uploads\/2013\/03\/12Punkte_31-150x150.jpg\" class=\"attachment-thumbnail size-thumbnail\" alt=\"\" \/>\n\t\t\t<\/div><\/figure><figure class='gallery-item'>\n\t\t\t<div class='gallery-icon landscape'>\n\t\t\t\t<img loading=\"lazy\" decoding=\"async\" width=\"150\" height=\"150\" src=\"https:\/\/christin-deuker.de\/wp-content\/uploads\/2013\/03\/12Punkte_21-150x150.jpg\" class=\"attachment-thumbnail size-thumbnail\" alt=\"\" \/>\n\t\t\t<\/div><\/figure><figure class='gallery-item'>\n\t\t\t<div class='gallery-icon landscape'>\n\t\t\t\t<img loading=\"lazy\" decoding=\"async\" width=\"150\" height=\"150\" src=\"https:\/\/christin-deuker.de\/wp-content\/uploads\/2013\/03\/12Punkte_11-150x150.jpg\" class=\"attachment-thumbnail size-thumbnail\" alt=\"\" \/>\n\t\t\t<\/div><\/figure>\n\t\t<\/div>\n\n<p><strong>12 Punkt f\u00fcr ein bisschen Frieden<\/strong><br \/>Familie Malente<br \/>Fotos: Stefan Pflug<\/p>\n<div id='gallery-17' class='gallery galleryid-840 gallery-columns-4 gallery-size-thumbnail'><figure class='gallery-item'>\n\t\t\t<div class='gallery-icon portrait'>\n\t\t\t\t<a href='https:\/\/christin-deuker.de\/?attachment_id=1086'><img loading=\"lazy\" decoding=\"async\" width=\"150\" height=\"150\" src=\"https:\/\/christin-deuker.de\/wp-content\/uploads\/2013\/03\/schlagerraketen_5-150x150.jpg\" class=\"attachment-thumbnail size-thumbnail\" alt=\"\" \/><\/a>\n\t\t\t<\/div><\/figure><figure class='gallery-item'>\n\t\t\t<div class='gallery-icon landscape'>\n\t\t\t\t<a href='https:\/\/christin-deuker.de\/?attachment_id=1090'><img loading=\"lazy\" decoding=\"async\" width=\"150\" height=\"150\" src=\"https:\/\/christin-deuker.de\/wp-content\/uploads\/2013\/03\/schlagerraketen_1-150x150.jpg\" class=\"attachment-thumbnail size-thumbnail\" alt=\"\" srcset=\"https:\/\/christin-deuker.de\/wp-content\/uploads\/2013\/03\/schlagerraketen_1-150x150.jpg 150w, https:\/\/christin-deuker.de\/wp-content\/uploads\/2013\/03\/schlagerraketen_1-100x100.jpg 100w\" sizes=\"auto, (max-width: 150px) 100vw, 150px\" \/><\/a>\n\t\t\t<\/div><\/figure><figure class='gallery-item'>\n\t\t\t<div class='gallery-icon landscape'>\n\t\t\t\t<a href='https:\/\/christin-deuker.de\/?attachment_id=1089'><img loading=\"lazy\" decoding=\"async\" width=\"150\" height=\"150\" src=\"https:\/\/christin-deuker.de\/wp-content\/uploads\/2013\/03\/schlagerraketen_2-150x150.jpg\" class=\"attachment-thumbnail size-thumbnail\" alt=\"\" \/><\/a>\n\t\t\t<\/div><\/figure><figure class='gallery-item'>\n\t\t\t<div class='gallery-icon portrait'>\n\t\t\t\t<a href='https:\/\/christin-deuker.de\/?attachment_id=1088'><img loading=\"lazy\" decoding=\"async\" width=\"150\" height=\"150\" src=\"https:\/\/christin-deuker.de\/wp-content\/uploads\/2013\/03\/schlagerraketen_3-150x150.jpg\" class=\"attachment-thumbnail size-thumbnail\" alt=\"\" \/><\/a>\n\t\t\t<\/div><\/figure><figure class='gallery-item'>\n\t\t\t<div class='gallery-icon landscape'>\n\t\t\t\t<a href='https:\/\/christin-deuker.de\/?attachment_id=1087'><img loading=\"lazy\" decoding=\"async\" width=\"150\" height=\"150\" src=\"https:\/\/christin-deuker.de\/wp-content\/uploads\/2013\/03\/schlagerraketen_4-150x150.jpg\" class=\"attachment-thumbnail size-thumbnail\" alt=\"\" \/><\/a>\n\t\t\t<\/div><\/figure>\n\t\t<\/div>\n\n<p><strong>Schlagerraketen<\/strong><br \/>Familie Malente<br \/>Fotos: Stefan Schuchardt<br \/>Plakat: Stefan Pflug<\/p>\n<div id='gallery-18' class='gallery galleryid-840 gallery-columns-1 gallery-size-thumbnail'><figure class='gallery-item'>\n\t\t\t<div class='gallery-icon portrait'>\n\t\t\t\t<img loading=\"lazy\" decoding=\"async\" width=\"150\" height=\"150\" src=\"https:\/\/christin-deuker.de\/wp-content\/uploads\/2013\/03\/Musik_ist_trumpf1-150x150.jpg\" class=\"attachment-thumbnail size-thumbnail\" alt=\"\" \/>\n\t\t\t<\/div><\/figure><figure class='gallery-item'>\n\t\t\t<div class='gallery-icon portrait'>\n\t\t\t\t<img loading=\"lazy\" decoding=\"async\" width=\"150\" height=\"150\" src=\"https:\/\/christin-deuker.de\/wp-content\/uploads\/2013\/03\/musik_ist_trumpf3-150x150.jpg\" class=\"attachment-thumbnail size-thumbnail\" alt=\"\" \/>\n\t\t\t<\/div><\/figure><figure class='gallery-item'>\n\t\t\t<div class='gallery-icon portrait'>\n\t\t\t\t<img loading=\"lazy\" decoding=\"async\" width=\"150\" height=\"150\" src=\"https:\/\/christin-deuker.de\/wp-content\/uploads\/2013\/03\/musik_ist_trumpf4-150x150.jpg\" class=\"attachment-thumbnail size-thumbnail\" alt=\"\" srcset=\"https:\/\/christin-deuker.de\/wp-content\/uploads\/2013\/03\/musik_ist_trumpf4-150x150.jpg 150w, https:\/\/christin-deuker.de\/wp-content\/uploads\/2013\/03\/musik_ist_trumpf4-100x100.jpg 100w\" sizes=\"auto, (max-width: 150px) 100vw, 150px\" \/>\n\t\t\t<\/div><\/figure>\n\t\t<\/div>\n\n<p><strong>Musik ist Trumpf<\/strong><br \/>Familie Malente<br \/>Fotos: Stefan Pflug<\/p>\n<div id='gallery-19' class='gallery galleryid-840 gallery-columns-4 gallery-size-thumbnail'><figure class='gallery-item'>\n\t\t\t<div class='gallery-icon portrait'>\n\t\t\t\t<a href='https:\/\/christin-deuker.de\/?attachment_id=1067'><img loading=\"lazy\" decoding=\"async\" width=\"150\" height=\"150\" src=\"https:\/\/christin-deuker.de\/wp-content\/uploads\/2013\/03\/mit17_2-150x150.jpg\" class=\"attachment-thumbnail size-thumbnail\" alt=\"\" \/><\/a>\n\t\t\t<\/div><\/figure><figure class='gallery-item'>\n\t\t\t<div class='gallery-icon portrait'>\n\t\t\t\t<a href='https:\/\/christin-deuker.de\/?attachment_id=1066'><img loading=\"lazy\" decoding=\"async\" width=\"150\" height=\"150\" src=\"https:\/\/christin-deuker.de\/wp-content\/uploads\/2013\/03\/mit17_1-150x150.jpg\" class=\"attachment-thumbnail size-thumbnail\" alt=\"\" srcset=\"https:\/\/christin-deuker.de\/wp-content\/uploads\/2013\/03\/mit17_1-150x150.jpg 150w, https:\/\/christin-deuker.de\/wp-content\/uploads\/2013\/03\/mit17_1-100x100.jpg 100w\" sizes=\"auto, (max-width: 150px) 100vw, 150px\" \/><\/a>\n\t\t\t<\/div><\/figure>\n\t\t<\/div>\n\n<p><strong>Mit 17 hat man noch Tr\u00e4ume<\/strong><br \/>Familie Malente<br \/>Fotos: Stefan Pflug<\/p><!--\/themify_builder_static-->","protected":false},"excerpt":{"rendered":"<p>Portraits Fotoshooting 2019H &amp; M: Elif KurbanFotos: Miriam AllermannEmotion in Frames Photographie Fotoshooting 2015H &amp; M: Elif KurbanFotos: Miriam AllermannEmotion in Frames Photographie Engagements Die Frank Sch\u00f6bel StoryBoulevardtheater DresdenFotos:\u00a0Robert Jentzsch\u00a0 Hallo DollyOhnsorg Theater HamburgFotos: Peter Schippke Charleys TanteCom\u00f6die F\u00fcrthFotos: J\u00fcrgen Friedrich SchlagerlegendenDeutschland TourneeFotos: Stefan Schuchardt Op D\u00fcvels Schuuvkoor\/Verteufelte ZeitenOhnsorg Theater HamburgFotos: Maike Kollenrott Der Wahre [&hellip;]<\/p>\n","protected":false},"author":1,"featured_media":0,"parent":0,"menu_order":0,"comment_status":"closed","ping_status":"open","template":"","meta":{"footnotes":""},"class_list":["post-840","page","type-page","status-publish","hentry","has-post-title","has-post-date","has-post-category","has-post-tag","has-post-comment","has-post-author",""],"builder_content":"<h2 style=\"text-align: center;\">Portraits<\/h2>\n[gallery _orderbyfield=\"menu_order ID\" columns=\"9\" ids=\"2023,2030,2040,2033,2024,2032,2028,2027,2026,2029,2031\"]\n<p><strong>Fotoshooting 2019<\/strong><br \/>H &amp; M: Elif Kurban<br \/>Fotos: Miriam Allermann<br \/>Emotion in Frames Photographie<\/p>\n[gallery _orderbyfield=\"menu_order ID\" columns=\"4\" ids=\"1390,1366,1367,1368,1213,1395,1365,1373,1369,2057,2058,1222,1221,1223\"]\n<p><strong>Fotoshooting 2015<\/strong><br \/>H &amp; M: Elif Kurban<br \/>Fotos: Miriam Allermann<br \/>Emotion in Frames Photographie<\/p>\n<h1 style=\"text-align: center;\">Engagements<\/h1>\n[gallery _orderbyfield=\"menu_order ID\" columns=\"1\" link=\"none\" ids=\"2370,2367,2369,2368,2363,2364,2361,2366,2362,2360,2365,2358\"]\n<p><strong>Die Frank Sch\u00f6bel Story<\/strong><br \/>Boulevardtheater Dresden<br \/>Fotos:\u00a0Robert Jentzsch\u00a0<\/p>\n[gallery _orderbyfield=\"menu_order ID\" columns=\"1\" link=\"none\" ids=\"1527,1531,1526,1525,2041\"]\n<p><strong>Hallo Dolly<\/strong><br \/>Ohnsorg Theater Hamburg<br \/>Fotos: Peter Schippke<\/p>\n[gallery _orderbyfield=\"menu_order ID\" columns=\"1\" link=\"none\" ids=\"1497,1498,2006\"]\n<p><strong>Charleys Tante<\/strong><br \/>Com\u00f6die F\u00fcrth<br \/>Fotos: J\u00fcrgen Friedrich<\/p>\n[gallery _orderbyfield=\"menu_order ID\" columns=\"1\" link=\"none\" ids=\"1435\"]\n<p><strong>Schlagerlegenden<\/strong><br \/>Deutschland Tournee<br \/>Fotos: Stefan Schuchardt<\/p>\n[gallery _orderbyfield=\"menu_order ID\" columns=\"1\" link=\"none\" ids=\"1474,1473,1468\"]\n<p><strong>Op D\u00fcvels Schuuvkoor\/<br \/>Verteufelte Zeiten<\/strong><br \/>Ohnsorg Theater Hamburg<br \/>Fotos: Maike Kollenrott<\/p>\n[gallery _orderbyfield=\"menu_order ID\" columns=\"1\" link=\"none\" ids=\"2240,2233,2234,2238,2241\"]\n<p><strong>Der Wahre Jakob<\/strong><br \/>Com\u00f6die F\u00fcrth<br \/>Fotos: J\u00fcrgen Friedrich<\/p>\n[gallery _orderbyfield=\"menu_order ID\" columns=\"1\" link=\"none\" ids=\"2007\"]\n<p><b>Alles auf Krankenschein<\/b><br \/>Schlossfestspiele Am\u00f6neburg<br \/>Fotos: Stephan Schuchardt<\/p>\n[gallery _orderbyfield=\"menu_order ID\" columns=\"1\" link=\"none\" ids=\"1336\"]\n<p><strong>Aladin und die Wunderlampe<\/strong><br \/>Ohnsorg Theater Hamburg<br \/>Fotos: Maike Kollenrott<\/p>\n[gallery _orderbyfield=\"menu_order ID\" columns=\"1\" link=\"none\" ids=\"1412,1415,1408\"]\n<p><strong>Der Meisterboxer<\/strong><br \/>Com\u00f6die F\u00fcrth<br \/>Fotos: J\u00fcrgen Friedrich<\/p>\n[gallery _orderbyfield=\"menu_order ID\" columns=\"1\" link=\"none\" ids=\"1327,1332,1331,1330,1328\"]\n<p><strong>My Fair Lady<\/strong><br \/>Schlossfestspiele Am\u00f6neburg<br \/>Fotos: Stephan Schuchardt\u00a0<\/p>\n[gallery _orderbyfield=\"menu_order ID\" columns=\"1\" link=\"none\" ids=\"1244,1243,1245,1246\"]\n<p><strong>Der Hauptmann von K\u00f6penick<\/strong><br \/>Schlossfestspiele Am\u00f6neburg<br \/>Fotos: Stephan Schuchardt\u00a0<\/p>\n[gallery _orderbyfield=\"menu_order ID\" columns=\"1\" link=\"none\" ids=\"2022,2020\"]\n<p><strong>Opa wird verkauft<\/strong><br \/>Ohnsorg Theater Hamburg Tournee<br \/>Fotos: Privat<\/p>\n[gallery _orderbyfield=\"menu_order ID\" columns=\"1\" link=\"none\" ids=\"1099,1100,1101,1102,1103\"]\n<p><strong>De l\u00fctte Horrorladen\/<br \/>Der kleine Horrorladen<\/strong><br \/>Ohnsorg Theater Hamburg<br \/>Fotos: Peter Schippke<\/p>\n[gallery _orderbyfield=\"menu_order ID\" columns=\"1\" link=\"none\" ids=\"1091,1092,1093,1094,1095\"]\n<p><strong>12 Punkt f\u00fcr ein bisschen Frieden<\/strong><br \/>Familie Malente<br \/>Fotos: Stefan Pflug<\/p>\n[gallery _orderbyfield=\"menu_order ID\" columns=\"4\" ids=\"1086,1090,1089,1088,1087\"]\n<p><strong>Schlagerraketen<\/strong><br \/>Familie Malente<br \/>Fotos: Stefan Schuchardt<br \/>Plakat: Stefan Pflug<\/p>\n[gallery _orderbyfield=\"menu_order ID\" columns=\"1\" link=\"none\" ids=\"1068,1070,1071\"]\n<p><strong>Musik ist Trumpf<\/strong><br \/>Familie Malente<br \/>Fotos: Stefan Pflug<\/p>\n[gallery _orderbyfield=\"menu_order ID\" columns=\"4\" ids=\"1067,1066\"]\n<p><strong>Mit 17 hat man noch Tr\u00e4ume<\/strong><br \/>Familie Malente<br \/>Fotos: Stefan Pflug<\/p>","_links":{"self":[{"href":"https:\/\/christin-deuker.de\/index.php?rest_route=\/wp\/v2\/pages\/840","targetHints":{"allow":["GET"]}}],"collection":[{"href":"https:\/\/christin-deuker.de\/index.php?rest_route=\/wp\/v2\/pages"}],"about":[{"href":"https:\/\/christin-deuker.de\/index.php?rest_route=\/wp\/v2\/types\/page"}],"author":[{"embeddable":true,"href":"https:\/\/christin-deuker.de\/index.php?rest_route=\/wp\/v2\/users\/1"}],"replies":[{"embeddable":true,"href":"https:\/\/christin-deuker.de\/index.php?rest_route=%2Fwp%2Fv2%2Fcomments&post=840"}],"version-history":[{"count":123,"href":"https:\/\/christin-deuker.de\/index.php?rest_route=\/wp\/v2\/pages\/840\/revisions"}],"predecessor-version":[{"id":2372,"href":"https:\/\/christin-deuker.de\/index.php?rest_route=\/wp\/v2\/pages\/840\/revisions\/2372"}],"wp:attachment":[{"href":"https:\/\/christin-deuker.de\/index.php?rest_route=%2Fwp%2Fv2%2Fmedia&parent=840"}],"curies":[{"name":"wp","href":"https:\/\/api.w.org\/{rel}","templated":true}]}}