{"id":778,"date":"2013-03-01T19:13:52","date_gmt":"2013-03-01T17:13:52","guid":{"rendered":"http:\/\/christin-deuker.de\/?page_id=778"},"modified":"2026-02-21T18:31:44","modified_gmt":"2026-02-21T16:31:44","slug":"biografie","status":"publish","type":"page","link":"https:\/\/christin-deuker.de\/?page_id=778","title":{"rendered":"Vita"},"content":{"rendered":"<!-- wp:themify-builder\/canvas \/-->","protected":false},"excerpt":{"rendered":"","protected":false},"author":1,"featured_media":0,"parent":0,"menu_order":0,"comment_status":"closed","ping_status":"open","template":"","meta":{"footnotes":""},"class_list":["post-778","page","type-page","status-publish","hentry","has-post-title","has-post-date","has-post-category","has-post-tag","has-post-comment","has-post-author",""],"builder_content":"<h1 style=\"text-align: center;\">Pers\u00f6nliche Angaben<\/h1>\n<img src=\"http:\/\/christin-deuker.de\/wp-content\/uploads\/2019\/08\/Christin-2-WEB-1.jpg\" width=\"800\" height=\"1200\" title=\"Vita\" alt=\"Vita\">\n<p>Nationalit\u00e4t: <b>Deutsch<br \/><\/b>Geburtstag: <b>23.01.1986<br \/><\/b>Geburtsort: <b>Marburg \/ Lahn<br \/><\/b>Augenfarbe: <b>blau-gr\u00fcn<br \/><\/b>Haarfarbe: <b>braun<br \/><\/b>Gr\u00f6\u00dfe: <b>168 cm<br \/><\/b>Konfektionsgr\u00f6\u00dfe: <b>36\/38<br \/><\/b>Schuhgr\u00f6\u00dfe: <b>38<br \/><\/b>Stimmfach: <b>Sopran<br \/><\/b>Schulabschluss: <b>Abitur<br \/><\/b>Wohnort: <b>Hamburg<br \/><\/b>Dialekte:<b> Berlinerisch, S\u00e4chsich, Hamburger Platt, Nordisch<br \/><\/b>Besondere F\u00e4higkeiten:<b> Schwimmen, Steppen<br \/><\/b>Wohnm\u00f6glichkeiten:<b>\u00a0Hamburg, Berlin, Wiesbaden, Stuttgart<\/b><\/p>\n<h1 style=\"text-align: center;\">K\u00fcnstlerische Aus- &amp; Weiterbildung<\/h1>\n<p style=\"text-align: left;\"><b>seit 2013 -\u00a0Act! Mainz<br \/><\/b>Schauspielerin f\u00fcr Demobandproduktionen<\/p> <p style=\"text-align: left;\"><b>2012 -\u00a0<\/b><b>Act! Mainz<br \/><\/b>Filmschauspielworkshop<\/p> <p style=\"text-align: left;\"><b>2008 -\u00a0<\/b><b>Stella Adler Studio<br \/><\/b>Meisterkurs in Hamburg<\/p> <p style=\"text-align: left;\"><b>2005-2008 -\u00a0<\/b><b>Stage School Hamburg<br \/><\/b>Abschluss zur staatlich anerkannten B\u00fchnendarstellerin<\/p> <p style=\"text-align: left;\"><b>2001-2005 -\u00a0<\/b><b>Musical Company \u201cStep In\u201d<\/b> <b>\u2013 Marburg\u00a0<\/b><\/p> <p style=\"text-align: left;\"><b>seit 2001 -\u00a0Privater Gesangsunterricht<br \/><\/b>Ulla Keller \u2013 Funktionale Stimmtrainerin<\/p>\n<img src=\"http:\/\/christin-deuker.de\/wp-content\/uploads\/2019\/08\/Christin-12-klein.png\" width=\"1666\" height=\"2500\" title=\"Vita\" alt=\"Vita\">\n<h1 style=\"text-align: center;\">Engagements (B\u00fchne)<\/h1>\n<p><strong>2025 \u201cAb durch den Schrank<\/strong><strong>\u201c<\/strong><strong><br><\/strong>Rolle: Carla (Christelle)<br>Regie:&nbsp;Martin Rassau<br>Com\u00f6die F\u00fcrth (+BR-Aufzeichnung)<\/p>\n<p><strong>2023-25 \u201cIn geheimer Mission<\/strong><strong>\u201c<\/strong><strong><br><\/strong>Rolle: Rebekka<br>Regie:&nbsp;Martin Rassau<br>Com\u00f6die F\u00fcrth | Kom\u00f6die im Bayerischen Hof<\/p>\n<p><strong>2024 ''Abba Klaro''<\/strong><br>Rolle: Agnes<br>Regie:&nbsp;Axel Weidemann<br>Kom\u00f6die Kassel<\/p>\n<p><strong>2024 ''Seitensprung Steuerfrei''<\/strong><br>Rolle: Ilse Kleffer<br>Regie:&nbsp;Martin Rassau<br>Com\u00f6die F\u00fcrth + TV BR<\/p>\n<p><strong>2023 ''Im wei\u00dfen R\u00f6ssl''<\/strong><br>Rolle: Kl\u00e4rchen<br>Regie: Stephanie Schimmer<br>Musikalische Ltg.: Andreas R\u00fcsing<br>Choreografie: Kati Farkas<br>Bad Kissinger Festspiele + TV BR<\/p>\n<p><strong>2021-25 ''Die Frank Sch\u00f6bel Story''<\/strong><br>Rolle: Chris Doerk\/Aurora Lacasa<br>Regie:&nbsp;J\u00fcrgen Mai<br>Musikalische Ltg.: Frank Sch\u00f6bel<br>Boulevardtheater Dresden<\/p>\n<p><strong>2022\/23 ''Die Lustige Witwe'' (WA)<\/strong><br>Rolle: Clo-Clo<br>Regie:&nbsp;Stephanie Schimmer<br>Musikalische Ltg.: Thilo Wolf<br>Com\u00f6die F\u00fcrth + TV BR<\/p>\n<p><strong>2022 ''My Fair Lady''<\/strong><br>Rolle: Eliza Doolittle<br>Regie: Peter Radestock&nbsp;<br>Bad Kissinger Festspiele<\/p>\n<p><strong>2022 ''Der Raub der Sabinerinnen''<\/strong><br>Rolle: Hilde Pilz<br>Regie:&nbsp;Martin Rassau<br>Com\u00f6die F\u00fcrth + TV BR<\/p>\n<p><strong>2020-21 ''Unkraut vergeht nicht''<\/strong><br>Rolle: Lisa<br>Regie:\u00a0Martin Rassau<br>Com\u00f6die F\u00fcrth + TV BR<\/p>\n<p><strong>2021 ''Rotk\u00e4ppchen''<\/strong><br>Rolle: Rotk\u00e4ppchen<br>Regie:\u00a0Marco Linke<br>Kom\u00f6die Kassel<\/p>\n<p><strong>2021 ''Der verkaufte Gro\u00dfvater''<\/strong><br>Rolle: Emma Schrems<br>Regie:\u00a0Martin Rassau<br>Com\u00f6die F\u00fcrth + TV BR<\/p>\n<p><strong>2019-20 ''Die Lustige Witwe''<\/strong><br \/>Rolle: Clo-Clo<br \/>Regie:\u00a0Stephanie Schimmer<br \/>Musikalische Ltg.: Thilo Wolf<br \/>Com\u00f6die F\u00fcrth + TV BR<\/p>\n<p><strong>2019 ''Ein Schiff wird kommen''<\/strong><br \/>Rolle: Edeltraud \/ Fr. Dr. K\u00f6rner<br \/>Regie: Michael Knoll<br \/>PST Entertainment<\/p>\n<p><strong>2019-21 ''Gabi wartet im Park''<\/strong><br \/>Rolle: Gabi<br \/>Regie: Michael Knoll<br \/>PST Entertainment<\/p>\n<p><strong>2018 ''Scrooge - Eine Weihnachtsgeschichte''<\/strong><br \/>Rolle: u.a. Geist der vergangen Weihnacht<br \/>Regie: Melanie Herzig<br \/>c2 concerts Stuttgart<\/p>\n<p><strong>2018 ''Der wahre Jakob''<\/strong><br \/>Rolle: Fanny (Yvette)<br \/>Regie:\u00a0Martin Rassau<br \/>Com\u00f6die F\u00fcrth + TV BR<\/p>\n<p><strong>2018 ''Hallo Dolly''<\/strong><br \/>Rolle: Irene Molloy<br \/>Regie: Frank Thannh\u00e4user<br \/>Musikalische Ltg.: Stefan Hiller<br \/>Ohnsorg Theater Hamburg<\/p>\n<p><strong>2017 ''Charleys Tante''<\/strong><br \/>Rolle: Elfriede Sittich<br \/>Regie: Martin Rassau<br \/>Musikalische Ltg.: Thilo Wolf<br \/>Com\u00f6die F\u00fcrth + TV BR<\/p>\n<p><strong>2017 ''Alles auf Krankenschein''<\/strong><br \/>Rolle: Rosemary Mortimore<br \/>Regie: Peter Radestock<br \/>Schlossfestspiele Am\u00f6neburg<br \/><br \/><\/p>\n<p><strong>2016\/17 ''Op D\u00fcvels Schuuvkoor''<\/strong><br \/>Rolle: Marie<br \/>Regie:\u00a0Anatol Preissler<br \/>Ohnsorg Theater Hamburg<\/p>\n<p><strong>2016 ''Die Wurzel des \u00dcbels''<\/strong><br \/>Rolle: Susi Hase<br \/>Regie: Martin Rassau<br \/>Com\u00f6die F\u00fcrth + TV BR<\/p>\n<p><strong>2015 ''Das tapfere Schneiderlein''<\/strong><br \/>Rolle: Prinzessin Charlotte<br \/>Regie: Frank Grupe<br \/>Ohnsorg Theater Hamburg<\/p>\n<p><strong>2015 ''Der Meisterboxer''<\/strong><br \/>Rolle: Coco de Bris (Coletta Corolani)<br \/>Regie: Martin Rassau<br \/>Com\u00f6die F\u00fcrth + TV BR<\/p>\n<p><strong>2014\/15 ''Opa wird verkauft''<\/strong><br \/>Rolle: Eva Fiesebarg<br \/>Regie:\u00a0Wilfried Dziallas<br \/>Ohnsorg Theater Tournee<\/p>\n<p><strong>2014\/15 ''Familie Malentes Wundert\u00fcte\"<\/strong><br \/>Rolle: Diverse<br \/>Regie: Dirk Vo\u00dfberg<br \/>u.a. Kom\u00f6die Braunschweig, Landesb\u00fchne Rheinland-Pfalz<\/p>\n<p><strong>2014\/15 ''My Fair Lady''<\/strong><br \/>Rolle: Eliza Doolittle<br \/>Regie: Peter Radestock\u00a0<br \/>u.a. Schlossfestspiele Am\u00f6neburg<\/p>\n<p><strong>2014 ''Pension Sch\u00f6ller''<\/strong><br \/>Rolle: Friederike Sch\u00f6ller<br \/>Regie: Martin Rassau<br \/>Com\u00f6die F\u00fcrth + TV BR<\/p>\n<p><strong>2013 ''Aladin und die Wunderlampe''<\/strong><br \/>Rolle: Prinzessin Shalimar<br \/>Regie:\u00a0Frank Grupe<br \/>Ohnsorg Theater Hamburg<\/p>\n<p><strong>2013 ''Otello darf nicht platzen''<\/strong><br \/>Rolle: Maggie Saunders<br \/>Regie: Martin Rassau<br \/>Com\u00f6die F\u00fcrth + TV BR<\/p>\n<p><strong>2013 ''Der Hauptmann von K\u00f6penick''<\/strong><br \/>Rolle: u.a. Pl\u00f6r\u00f6senmieze, schwinds\u00fcchtiges M\u00e4dchen<br \/>Regie: Peter Radestock<br \/>Schlossfestspiele Am\u00f6neburg<\/p>\n<p><strong>2013 ''Der keusche Lebemann''<\/strong><br \/>Rolle: Hilde<br \/>Regie: Martin Rassau<br \/>Com\u00f6die F\u00fcrth + TV BR<\/p>\n<p><strong>2011-13 ''Schlagerraketen''<\/strong><br \/>Rolle: Inge, Mina<br \/>Regie:\u00a0Dirk Vo\u00dfberg<br \/>u.a. Kom\u00f6die BS, Landsb\u00fchne Rheinland-Pfalz, D-Tour<\/p>\n<p><strong>2012 ''De l\u00fctte Horroladen''<\/strong><br \/>Rolle: Swing (Cover Audrey)<br \/>Regie: Anatol Preissler<br \/>Musialische Ltg.: Stephan Ohm<br \/>Ohnsorg Theater Hamburg<\/p>\n<p><strong>2011-12 ''12 Punkte f\u00fcr ein bisschen Frieden''<\/strong><br \/>Rolle: Maggy T.<br \/>Regie: Dirk Vo\u00dfberg<br \/>u.a. Fliegende Bauten HH, Kom\u00f6die BS, D-Tour<\/p>\n<p><strong>2009-11 ''Musik ist Trumpf''<\/strong><br \/>Rolle: Monika Plundermann<br \/>Regie: Dirk Vo\u00dfberg<br \/>u.a. Kom\u00f6die BS, Landesb\u00fchne Rheinland-Pfalz, D-Tour, Com\u00f6die F\u00fcrth<\/p>\n<p><strong>2008-11 ''Mit 17 hat man noch Tr\u00e4ume''<\/strong><br \/>Rolle: Lore Dobermann<br \/>Regie:\u00a0Dirk Vo\u00dfberg<br \/>u.a. Kom\u00f6die D\u00fcsseldorf, Kom\u00f6die Frankfurt, Winterhuder F\u00e4hrhaus<\/p>\n<h1 style=\"text-align: center;\">Engagements (Sprecherin)<\/h1>\n<p><strong>2018 ''Scotland Yard\"<br \/><\/strong>Folge 7<strong><br \/><\/strong>Rolle: Susan Fine<br \/>Stein\/Hardt H\u00f6rspielproduktion<\/p>\n<p><strong>2018 ''Monstrula\"<\/strong><br \/>Folge 4<br \/>Rolle: Anne Nichols<br \/>Stein\/Hardt H\u00f6rspielproduktion<\/p>\n<p><strong>2018 ''Christoph Schwarz\"<\/strong><br \/>Folge 12<br \/>Rolle: Silke Marx<br \/>Stein\/Hardt H\u00f6rspielproduktion<\/p>\n<p><strong>2018 \"Christoph Schwarz\"<\/strong><br \/>Folge 13<br \/>Rolle: Gerlinde Koch<br \/>Stein\/Hardt H\u00f6rspielproduktion<\/p>\n<p><strong>2018 \"Christoph Schwarz\"<\/strong><br \/>Folge 15<br \/>Rolle: Britta Wiehl<br \/>Stein\/Hardt H\u00f6rspielproduktion<\/p>\n<p><strong>2018 \"Andi Meisfeld &amp; die Glatteisgangster\"<\/strong><br \/>Rolle: Amalie von M\u00fcmpf<br \/>Steinbrecher Entertainment<\/p>\n<p><strong>2016 \"Christoph Schwarz\"<\/strong><br \/>Folge 11<br \/>Rolle: Ellen Sch\u00fctz<br \/>Stein\/Hardt H\u00f6rspielproduktion<\/p>\n<p><strong>2016 \"Twilight Mysteries\"\u00a0<\/strong><br \/>Folge 4<br \/>Rolle: Krankenschwester Frasier<br \/>Stein\/Hardt H\u00f6rspielproduktion<\/p>\n<p><strong>2016 ''Twiglight Mysteries\"<\/strong><br \/>Folge 1<br \/>Rolle: Krankenschwester Frasier<br \/>Stein\/Hardt H\u00f6rspielproduktion<\/p>\n<p><strong>2015 ''Rick Masters''<\/strong><br \/>Der Diamantengeist Folge 3<br \/>Rolle: Jenny Allen<br \/>Stein\/Hardt H\u00f6rspielproduktion<\/p>\n<p><strong>2015 \"Geisterschocker\"<\/strong><br \/>Blumen des B\u00f6sen<br \/>Rolle: Patt Wallace<br \/>Steinbrecher Entertainment<\/p>\n<p><strong>2015 ''Andi Meisfeld &amp; der Fluch der Briefmarken\"<\/strong><br \/>Rolle: Frau Mauritius<br \/>Steinbrecher Entertainment<\/p>\n<p><strong>2014 ''Andi Meisfeld &amp; die giftigen Weihnachtskringel''<\/strong><br \/>Rolle: Frau Michowski<br \/>Steinbrecher Entertainment<\/p>\n<h1 style=\"text-align: center;\">Engagements (Moderatorin)<\/h1>\n<p><strong>2016-2019 ''Schlagerlegenden Tournee''<\/strong><br \/>Depro Dienstleistungen GmbH<br \/>Deutschland Tournee<\/p>\n<p><strong>2019 ''Zeitreise 50 Jahre Print-Service\"<br \/><\/strong>Gala-Abend<br \/>Regie: Manfred M\u00fchlbeyer<\/p>","_links":{"self":[{"href":"https:\/\/christin-deuker.de\/index.php?rest_route=\/wp\/v2\/pages\/778","targetHints":{"allow":["GET"]}}],"collection":[{"href":"https:\/\/christin-deuker.de\/index.php?rest_route=\/wp\/v2\/pages"}],"about":[{"href":"https:\/\/christin-deuker.de\/index.php?rest_route=\/wp\/v2\/types\/page"}],"author":[{"embeddable":true,"href":"https:\/\/christin-deuker.de\/index.php?rest_route=\/wp\/v2\/users\/1"}],"replies":[{"embeddable":true,"href":"https:\/\/christin-deuker.de\/index.php?rest_route=%2Fwp%2Fv2%2Fcomments&post=778"}],"version-history":[{"count":256,"href":"https:\/\/christin-deuker.de\/index.php?rest_route=\/wp\/v2\/pages\/778\/revisions"}],"predecessor-version":[{"id":2844,"href":"https:\/\/christin-deuker.de\/index.php?rest_route=\/wp\/v2\/pages\/778\/revisions\/2844"}],"wp:attachment":[{"href":"https:\/\/christin-deuker.de\/index.php?rest_route=%2Fwp%2Fv2%2Fmedia&parent=778"}],"curies":[{"name":"wp","href":"https:\/\/api.w.org\/{rel}","templated":true}]}}